{"id":24729,"date":"2025-07-07T14:23:43","date_gmt":"2025-07-07T13:23:43","guid":{"rendered":"https:\/\/readaptation.umontreal.ca\/laurence-roy-erg-phd-2\/"},"modified":"2026-08-25T20:35:43","modified_gmt":"2026-08-25T19:35:43","slug":"laurence-roy-erg-phd-2","status":"publish","type":"page","link":"https:\/\/readaptation.umontreal.ca\/en\/laurence-roy-erg-phd-2\/","title":{"rendered":"Laurence Roy erg. PhD"},"content":{"rendered":"<div class=\"one-third first \">\n<span style=\"color: #ffffff;\">_<\/span><br \/>\n<img loading=\"lazy\" decoding=\"async\" src=\"https:\/\/readaptation.umontreal.ca\/wp-content\/uploads\/sites\/21\/2025\/07\/Roy_Laurence.jpg\" alt=\"\" class=\"alignnone wp-image-23559 size-full\" width=\"198\" height=\"283\" \/><br \/>\n<\/div>\n<div class=\"two-third  \">\n<h3>Professeure agr\u00e9g\u00e9e<\/h3>\n<p style=\"text-align: justify;\"><strong>Contact details (research)<\/strong><br \/>\nCentre de recherche de l\u2019Institut national de psychiatrie l\u00e9gale Philippe-Pinel (INPLPP)<\/p>\n<p style=\"text-align: justify;\">Centre de recherche de Montr\u00e9al sur les in\u00e9galit\u00e9s sociales, les discriminations et les pratiques alternatives de citoyennet\u00e9 (CREMIS)<\/p>\n<p><strong>Contact details (school)<\/strong><br \/>\n<a href=\"mailto:laurence.roy@umontreal.ca\">laurence.roy@umontreal.ca<\/a><\/p>\n<p><strong>Program<\/strong><br \/>\nErgoth\u00e9rapie<\/p>\n<p><a href=\"https:\/\/orcid.org\/0000-0002-1556-690X\">https:\/\/orcid.org\/0000-0002-1556-690X<\/a><\/p>\n<\/div>\n<hr\/>\n<h2>Education<\/h2>\n<ul>\n<li>B. Sc. Ergoth\u00e9rapie, Universit\u00e9 de Montr\u00e9al (2005)<\/li>\n<li>PhD Sciences biom\u00e9dicales (option R\u00e9adaptation), Universit\u00e9 de Montr\u00e9al (2012)<\/li>\n<li>Post-doctorat Psychiatrie, Universit\u00e9 McGill (2014)<\/li>\n<\/ul>\n<h2>Main ongoing projects<\/h2>\n<ul>\n<li style=\"text-align: justify;\">Co-development, implementation, and evaluation of an intersectoral intervention for people experiencing homelessness with an acquired brain injury.<\/li>\n<li style=\"text-align: justify;\">Encouraging the creation of regional support networks to prevent homelessness after provincial detention.<\/li>\n<li style=\"text-align: justify;\">Homelessness prevention and housing rights advocacy by and for women with invisible disabilities.<\/li>\n<li style=\"text-align: justify;\">Meaningful activities in secure forensic mental health settings: A participatory mapping study.<\/li>\n<li style=\"text-align: justify;\">Project Lotus: Supporting women&#8217;s post-shelter transition through participatory research.<\/li>\n<\/ul>\n<h2>Selected publications<\/h2>\n<ul>\n<li style=\"text-align: justify;\">Leclair M, Lemieux AJ, Crocker AG, Dumais Michaud A-A, <u>Perrottet D<\/u>, Vigneault L, Brabant C, P\u00e9loquin S &amp; <strong>Roy L.<\/strong> (2026) \u201cWhat about that violence?\u201d Transforming the discourse on violence in mental health research and services. Front. Psychiatry 17:1905808. doi: 10.3389\/fpsyt.2026.1905808<\/li>\n<li style=\"text-align: justify;\"><u>Ducharme, R<\/u>., <u>Jubinville, W<\/u>., Bottari, C., Salazar, A.P., Thibault, G., Wagner, V., Lamontagne, M-E, Pan, H. &amp; <strong>Roy, L<\/strong>. (2026). Preventing homelessness in adults with acquired brain injury: a mixed-methods rapid review. <em>Annals of Physical and Rehabilitation Medicine,<\/em> <em>69(5).<\/em><\/li>\n<li style=\"text-align: justify;\"><u>Jubinville, W<\/u>., Bottari, C., <u>Ducharme, R<\/u>., Wagner, V., Thibault, G., Dugas, C., Lamontagne, M-E, <strong>Roy, L<\/strong>. (2026). \u201cOvernight, everything changed\u201d: life courses and turning points toward homelessness among people with acquired brain injury. <em>Brain Injury<\/em>, 1\u201316. <a href=\"https:\/\/doi.org\/10.1080\/02699052.2026.2621162\">https:\/\/doi.org\/10.1080\/02699052.2026.2621162<\/a><\/li>\n<li style=\"text-align: justify;\"><strong>Roy, L<\/strong>., Leclair, M., Crocker, A. G., Abdel-Baki, A., de Benedictis, L., B\u00e9rub\u00e9, F.-A., Thibeault, E., Latimer, E., Roy, M.-A. (2024). Risk factors for homelessness and housing instability in the first episode of mental illness: Initial findings from the AMONT study. <em>Early Intervention in Psychiatry<\/em>. doi: <a href=\"https:\/\/doi.org\/10.1111\/eip.13495\">https:\/\/doi.org\/10.1111\/eip.13495<\/a><\/li>\n<li style=\"text-align: justify;\"><u>Jacobsen, K<\/u>., <strong>Roy, L<\/strong>., Seto, V., Marshall, C. A., &amp; Perreault, M. (2024). \u201cI Always Have my Key in my Hand\u201d: A Photovoice Exploration with Women in Post-Shelter Transition. <em>International Journal on Homelessness, 4<\/em>(2), 256-280. doi: 10.5206\/ijoh.2023.3.17310<\/li>\n<li style=\"text-align: justify;\">Marshall, C. A., Gewurtz, R., Barbic, S., <strong>Roy, L<\/strong>., Lysaght, R., Ross, C., . . . Kirsh, B. (2023). <em>Bridging the transition from homeless to housed: A social justice framework to guide the practice of occupational therapists \u2013 2<sup>nd<\/sup> edition<\/em>: <a href=\"hpps:\/\/www.sjmhlab.cim\/publications.\">hpps:\/\/www.sjmhlab.cim\/publications.<\/a><\/li>\n<\/ul>\n<h2>Research Directions<\/h2>\n<ul>\n<li>Occupational therapy and mental health<\/li>\n<li>Mental health and forensic services<\/li>\n<li>Health and rehabilitation needs of people experiencing homelessness and housing insecurity<\/li>\n<li>Homelessness prevention<\/li>\n<li>Social health inequalities<\/li>\n<li>Participatory, qualitative, and mixed research<\/li>\n<\/ul>\n","protected":false},"excerpt":{"rendered":"<p>Education B. Sc. Ergoth\u00e9rapie, Universit\u00e9 de Montr\u00e9al (2005) PhD Sciences biom\u00e9dicales (option R\u00e9adaptation), Universit\u00e9 de Montr\u00e9al (2012) Post-doctorat Psychiatrie, Universit\u00e9 McGill (2014) Main ongoing projects Co-development, implementation, and evaluation of [&hellip;]<\/p>\n","protected":false},"author":59,"featured_media":0,"parent":0,"menu_order":0,"comment_status":"closed","ping_status":"closed","template":"","meta":{"footnotes":""},"class_list":["post-24729","page","type-page","status-publish","hentry"],"yoast_head":"<!-- This site is optimized with the Yoast SEO plugin v25.0 - https:\/\/yoast.com\/wordpress\/plugins\/seo\/ -->\n<title>Laurence Roy erg. PhD - \u00c9cole de r\u00e9adaptation - Universit\u00e9 de Montr\u00e9al<\/title>\n<meta name=\"robots\" content=\"index, follow, max-snippet:-1, max-image-preview:large, max-video-preview:-1\" \/>\n<link rel=\"canonical\" href=\"https:\/\/readaptation.umontreal.ca\/en\/laurence-roy-erg-phd-2\/\" \/>\n<meta property=\"og:locale\" content=\"en_US\" \/>\n<meta property=\"og:type\" content=\"article\" \/>\n<meta property=\"og:title\" content=\"Laurence Roy erg. PhD - \u00c9cole de r\u00e9adaptation - Universit\u00e9 de Montr\u00e9al\" \/>\n<meta property=\"og:description\" content=\"Education B. Sc. Ergoth\u00e9rapie, Universit\u00e9 de Montr\u00e9al (2005) PhD Sciences biom\u00e9dicales (option R\u00e9adaptation), Universit\u00e9 de Montr\u00e9al (2012) Post-doctorat Psychiatrie, Universit\u00e9 McGill (2014) Main ongoing projects Co-development, implementation, and evaluation of [&hellip;]\" \/>\n<meta property=\"og:url\" content=\"https:\/\/readaptation.umontreal.ca\/en\/laurence-roy-erg-phd-2\/\" \/>\n<meta property=\"og:site_name\" content=\"\u00c9cole de r\u00e9adaptation\" \/>\n<meta property=\"article:modified_time\" content=\"2026-08-25T19:35:43+00:00\" \/>\n<meta property=\"og:image\" content=\"https:\/\/readaptation.umontreal.ca\/wp-content\/uploads\/sites\/21\/2025\/07\/Roy_Laurence.jpg\" \/>\n\t<meta property=\"og:image:width\" content=\"198\" \/>\n\t<meta property=\"og:image:height\" content=\"283\" \/>\n\t<meta property=\"og:image:type\" content=\"image\/jpeg\" \/>\n<meta name=\"twitter:label1\" content=\"Est. reading time\" \/>\n\t<meta name=\"twitter:data1\" content=\"3 minutes\" \/>\n<script type=\"application\/ld+json\" class=\"yoast-schema-graph\">{\"@context\":\"https:\/\/schema.org\",\"@graph\":[{\"@type\":\"WebPage\",\"@id\":\"https:\/\/readaptation.umontreal.ca\/en\/laurence-roy-erg-phd-2\/\",\"url\":\"https:\/\/readaptation.umontreal.ca\/en\/laurence-roy-erg-phd-2\/\",\"name\":\"Laurence Roy erg. PhD - \u00c9cole de r\u00e9adaptation - Universit\u00e9 de Montr\u00e9al\",\"isPartOf\":{\"@id\":\"https:\/\/readaptation.umontreal.ca\/#website\"},\"primaryImageOfPage\":{\"@id\":\"https:\/\/readaptation.umontreal.ca\/en\/laurence-roy-erg-phd-2\/#primaryimage\"},\"image\":{\"@id\":\"https:\/\/readaptation.umontreal.ca\/en\/laurence-roy-erg-phd-2\/#primaryimage\"},\"thumbnailUrl\":\"https:\/\/readaptation.umontreal.ca\/wp-content\/uploads\/sites\/21\/2025\/07\/Roy_Laurence.jpg\",\"datePublished\":\"2025-07-07T13:23:43+00:00\",\"dateModified\":\"2026-08-25T19:35:43+00:00\",\"breadcrumb\":{\"@id\":\"https:\/\/readaptation.umontreal.ca\/en\/laurence-roy-erg-phd-2\/#breadcrumb\"},\"inLanguage\":\"en-US\",\"potentialAction\":[{\"@type\":\"ReadAction\",\"target\":[\"https:\/\/readaptation.umontreal.ca\/en\/laurence-roy-erg-phd-2\/\"]}]},{\"@type\":\"ImageObject\",\"inLanguage\":\"en-US\",\"@id\":\"https:\/\/readaptation.umontreal.ca\/en\/laurence-roy-erg-phd-2\/#primaryimage\",\"url\":\"https:\/\/readaptation.umontreal.ca\/wp-content\/uploads\/sites\/21\/2025\/07\/Roy_Laurence.jpg\",\"contentUrl\":\"https:\/\/readaptation.umontreal.ca\/wp-content\/uploads\/sites\/21\/2025\/07\/Roy_Laurence.jpg\"},{\"@type\":\"BreadcrumbList\",\"@id\":\"https:\/\/readaptation.umontreal.ca\/en\/laurence-roy-erg-phd-2\/#breadcrumb\",\"itemListElement\":[{\"@type\":\"ListItem\",\"position\":1,\"name\":\"Accueil\",\"item\":\"https:\/\/readaptation.umontreal.ca\/\"},{\"@type\":\"ListItem\",\"position\":2,\"name\":\"Laurence Roy erg. PhD\"}]},{\"@type\":\"WebSite\",\"@id\":\"https:\/\/readaptation.umontreal.ca\/#website\",\"url\":\"https:\/\/readaptation.umontreal.ca\/\",\"name\":\"\u00c9cole de r\u00e9adaptation\",\"description\":\"\",\"potentialAction\":[{\"@type\":\"SearchAction\",\"target\":{\"@type\":\"EntryPoint\",\"urlTemplate\":\"https:\/\/readaptation.umontreal.ca\/?s={search_term_string}\"},\"query-input\":{\"@type\":\"PropertyValueSpecification\",\"valueRequired\":true,\"valueName\":\"search_term_string\"}}],\"inLanguage\":\"en-US\"}]}<\/script>\n<!-- \/ Yoast SEO plugin. -->","yoast_head_json":{"title":"Laurence Roy erg. PhD - \u00c9cole de r\u00e9adaptation - Universit\u00e9 de Montr\u00e9al","robots":{"index":"index","follow":"follow","max-snippet":"max-snippet:-1","max-image-preview":"max-image-preview:large","max-video-preview":"max-video-preview:-1"},"canonical":"https:\/\/readaptation.umontreal.ca\/en\/laurence-roy-erg-phd-2\/","og_locale":"en_US","og_type":"article","og_title":"Laurence Roy erg. PhD - \u00c9cole de r\u00e9adaptation - Universit\u00e9 de Montr\u00e9al","og_description":"Education B. Sc. Ergoth\u00e9rapie, Universit\u00e9 de Montr\u00e9al (2005) PhD Sciences biom\u00e9dicales (option R\u00e9adaptation), Universit\u00e9 de Montr\u00e9al (2012) Post-doctorat Psychiatrie, Universit\u00e9 McGill (2014) Main ongoing projects Co-development, implementation, and evaluation of [&hellip;]","og_url":"https:\/\/readaptation.umontreal.ca\/en\/laurence-roy-erg-phd-2\/","og_site_name":"\u00c9cole de r\u00e9adaptation","article_modified_time":"2026-08-25T19:35:43+00:00","og_image":[{"width":198,"height":283,"url":"https:\/\/readaptation.umontreal.ca\/wp-content\/uploads\/sites\/21\/2025\/07\/Roy_Laurence.jpg","type":"image\/jpeg"}],"twitter_misc":{"Est. reading time":"3 minutes"},"schema":{"@context":"https:\/\/schema.org","@graph":[{"@type":"WebPage","@id":"https:\/\/readaptation.umontreal.ca\/en\/laurence-roy-erg-phd-2\/","url":"https:\/\/readaptation.umontreal.ca\/en\/laurence-roy-erg-phd-2\/","name":"Laurence Roy erg. PhD - \u00c9cole de r\u00e9adaptation - Universit\u00e9 de Montr\u00e9al","isPartOf":{"@id":"https:\/\/readaptation.umontreal.ca\/#website"},"primaryImageOfPage":{"@id":"https:\/\/readaptation.umontreal.ca\/en\/laurence-roy-erg-phd-2\/#primaryimage"},"image":{"@id":"https:\/\/readaptation.umontreal.ca\/en\/laurence-roy-erg-phd-2\/#primaryimage"},"thumbnailUrl":"https:\/\/readaptation.umontreal.ca\/wp-content\/uploads\/sites\/21\/2025\/07\/Roy_Laurence.jpg","datePublished":"2025-07-07T13:23:43+00:00","dateModified":"2026-08-25T19:35:43+00:00","breadcrumb":{"@id":"https:\/\/readaptation.umontreal.ca\/en\/laurence-roy-erg-phd-2\/#breadcrumb"},"inLanguage":"en-US","potentialAction":[{"@type":"ReadAction","target":["https:\/\/readaptation.umontreal.ca\/en\/laurence-roy-erg-phd-2\/"]}]},{"@type":"ImageObject","inLanguage":"en-US","@id":"https:\/\/readaptation.umontreal.ca\/en\/laurence-roy-erg-phd-2\/#primaryimage","url":"https:\/\/readaptation.umontreal.ca\/wp-content\/uploads\/sites\/21\/2025\/07\/Roy_Laurence.jpg","contentUrl":"https:\/\/readaptation.umontreal.ca\/wp-content\/uploads\/sites\/21\/2025\/07\/Roy_Laurence.jpg"},{"@type":"BreadcrumbList","@id":"https:\/\/readaptation.umontreal.ca\/en\/laurence-roy-erg-phd-2\/#breadcrumb","itemListElement":[{"@type":"ListItem","position":1,"name":"Accueil","item":"https:\/\/readaptation.umontreal.ca\/"},{"@type":"ListItem","position":2,"name":"Laurence Roy erg. PhD"}]},{"@type":"WebSite","@id":"https:\/\/readaptation.umontreal.ca\/#website","url":"https:\/\/readaptation.umontreal.ca\/","name":"\u00c9cole de r\u00e9adaptation","description":"","potentialAction":[{"@type":"SearchAction","target":{"@type":"EntryPoint","urlTemplate":"https:\/\/readaptation.umontreal.ca\/?s={search_term_string}"},"query-input":{"@type":"PropertyValueSpecification","valueRequired":true,"valueName":"search_term_string"}}],"inLanguage":"en-US"}]}},"_links":{"self":[{"href":"https:\/\/readaptation.umontreal.ca\/en\/wp-json\/wp\/v2\/pages\/24729","targetHints":{"allow":["GET"]}}],"collection":[{"href":"https:\/\/readaptation.umontreal.ca\/en\/wp-json\/wp\/v2\/pages"}],"about":[{"href":"https:\/\/readaptation.umontreal.ca\/en\/wp-json\/wp\/v2\/types\/page"}],"author":[{"embeddable":true,"href":"https:\/\/readaptation.umontreal.ca\/en\/wp-json\/wp\/v2\/users\/59"}],"replies":[{"embeddable":true,"href":"https:\/\/readaptation.umontreal.ca\/en\/wp-json\/wp\/v2\/comments?post=24729"}],"version-history":[{"count":3,"href":"https:\/\/readaptation.umontreal.ca\/en\/wp-json\/wp\/v2\/pages\/24729\/revisions"}],"predecessor-version":[{"id":24732,"href":"https:\/\/readaptation.umontreal.ca\/en\/wp-json\/wp\/v2\/pages\/24729\/revisions\/24732"}],"wp:attachment":[{"href":"https:\/\/readaptation.umontreal.ca\/en\/wp-json\/wp\/v2\/media?parent=24729"}],"curies":[{"name":"wp","href":"https:\/\/api.w.org\/{rel}","templated":true}]}}