{"id":17754,"date":"2020-04-06T16:33:23","date_gmt":"2020-04-06T15:33:23","guid":{"rendered":"https:\/\/readaptation.umontreal.ca\/?page_id=17754"},"modified":"2021-09-01T22:30:08","modified_gmt":"2021-09-01T21:30:08","slug":"cyril-duclos-ph-d","status":"publish","type":"page","link":"https:\/\/readaptation.umontreal.ca\/en\/research\/researchers\/cyril-duclos-ph-d\/","title":{"rendered":"Cyril Duclos, Ph. D."},"content":{"rendered":"<p><div class=\"one-third first \">\n<span style=\"color: #ffffff\">_<\/span><br \/>\n<span style=\"color: #ffffff\">_<\/span><br \/>\n<img decoding=\"async\" src=\"https:\/\/readaptation.umontreal.ca\/wp-content\/uploads\/sites\/21\/cyril_duclos11.jpg\" \/><br \/>\n<\/div><br \/>\n<div class=\"two-third  \">\n<h3><strong>Director of Graduate Studies in Rehabilitation Sciences and A<\/strong>ssociate Professor<\/h3>\n<p><strong>Contact details (Research)<\/strong><br \/>\nCenter for Interdisciplinary Research in Rehabilitation of Greater Montreal (CRIR)<br \/>\nInstitut universitaire sur la r\u00e9adaptation en d\u00e9ficience physique de Montr\u00e9al (IURDPM)<br \/>\nPavillon Gingras-Lindsay de Montr\u00e9al<br \/>\n6363, Chemin Hudson<br \/>\nMontr\u00e9al (Qu\u00e9bec) H3S 1M9<br \/>\n<strong>T<\/strong> 514 340-2085, poste 3048<\/p>\n<p><strong>Contact details (School of Rehabilitation)<\/strong><br \/>\n<strong>T<\/strong> 514 343-6111, poste 26381<br \/>\n<a href=\"mailto:cyril.duclos@umontreal.ca\">cyril.duclos@umontreal.ca<\/a><\/p>\n<p><strong>Program<\/strong><br \/>\nPhysiotherapy<\/p>\n<\/div><\/p>\n<hr\/>\n<h2>Education<\/h2>\n<ul>\n<li>French physical therapist diploma, Institut de Formation en masso-kin\u00e9sith\u00e9rapie d\u2019Orl\u00e9ans, France (1998)<\/li>\n<li>B. Sc., Cognitive neurosciences, Universit\u00e9 d\u2019Aix-Marseille I, France (2000)<\/li>\n<li>M. Sc., Physiology and biomechanics, Universit\u00e9 Paris-X, France (2002)<\/li>\n<li>Ph. D., Neurosciences, Universit\u00e9 d\u2019Aix-Marseille I, France, &amp; Biomedical sciences, rehabilitation option, Universit\u00e9 de Montr\u00e9al (2006)<\/li>\n<li>Post-doctoral studies\n<ul>\n<li>Pathokinesiology laboratory, CRIR, Montr\u00e9al (2006-2009)<\/li>\n<li>Research centre, Montr\u00e9al geriatric university Institute (2008-2009)<\/li>\n<li>Sobell Department, Institute of Neurology, University College, London (2009)<\/li>\n<\/ul>\n<\/li>\n<\/ul>\n<h2>Current research projects<\/h2>\n<ul>\n<li>Gait-like sensorimotor stimulations to improve gait function after SCI (Fondation Craig H Neilsen, USA).<\/li>\n<li>Reaching clinical recommendations for intensity of post-stroke rehabilitation using an activity circuit implemented with a change agent (FSI-SSS\/MEDTEQ)<\/li>\n<li>Rehabilitation dog in post-stroke rehabilitation: a pilot study for a new intervention (OPPQ-REPAR)<\/li>\n<li>Unpredictable perturbations during gait to improve balance performance<\/li>\n<li>Osseointegration in individuals with lower-limb amputation<\/li>\n<\/ul>\n<h2>Selected publications<\/h2>\n<ul>\n<li>Paquin, M.-H., <strong>Duclos, C.<\/strong>, Lapierre, N., Dubreucq, L., Morin, M., Meunier, J., Rousseau, J., &amp; Dumoulin, C. (accept\u00e9). The effects of a strong desire to void on gait for incontinent and continent older community-dwelling women at risk of falls. <em>Neurourology and Urodynamics<\/em>.<\/li>\n<li>Duclos, N. C., Aguiar, L. T., Aissaoui, R., Faria, C., Nadeau, S., &amp; <strong>Duclos, C.<\/strong> (2019). Activity monitor placed at the nonparetic ankle is accurate in measuring step counts during community walking in poststroke individuals: a validation study. <em>PM&amp;R, 11<\/em>(9), 963-971. doi:10.1002\/pmrj.12080<\/li>\n<li>Duclos, N. C., Aguiar, L. T., Aissaoui, R., Nadeau, S., &amp; <strong>Duclos, C.<\/strong> (2019). Pertinence et implications de l&#8217;actim\u00e9trie en r\u00e9adaptation. <em>EMC &#8211; Kin\u00e9sith\u00e9rapie-M\u00e9decine physique-R\u00e9adaptation, 15<\/em>(3), 1-9. doi:10.1016\/S1283-0887(19)65816-0<\/li>\n<li>Fortin, C., Pialasse, J. P., Knoth, I. S., Lippe, S., <strong>Duclos, C.<\/strong>, &amp; Simoneau, M. (2019). Cortical dynamics of sensorimotor information processing associated with balance control in adolescents with and without idiopathic scoliosis. <em>Clinical Neurophysiology, 130<\/em>(10), 1752-1761. doi:10.1016\/j.clinph.2019.07.005<\/li>\n<li>Mi\u00e9ville, C., Lauzi\u00e8re, S., Betschart, M., Nadeau, S., &amp; <strong>Duclos, C.<\/strong> (2018). More symmetrical gait after split-belt treadmill walking does not modify dynamic and postural balance in individuals post-stroke. <em>Journal of Electromyography and Kinesiology, 41<\/em>, 41-49. doi:10.1016\/j.jelekin.2018.04.008<\/li>\n<li>Dubreucq, L., Mereu, A., Blanc, G., Filiatrault, J., &amp; <strong>Duclos, C.<\/strong> (2017). Introducing a psychological postural threat alters gait and balance parameters among young participants but not among most older participants. <em>Experimental Brain Research, 235<\/em>(5), 1429-1438. doi:10.1007\/s00221-017-4902-y<\/li>\n<li>Barth\u00e9l\u00e9my, A., Gagnon, D. H., &amp; <strong>Duclos, C.<\/strong> (2016). Gait-like vibration training improves gait abilities: a case report of a 62-year-old person with a chronic incomplete spinal cord injury. <em>Spinal Cord Series And Cases, 2<\/em>, 16012. doi:10.1038\/scsandc.2016.12<\/li>\n<li>Ilmane, N., Croteau, S., &amp; <strong>Duclos, C.<\/strong> (2015). Quantifying dynamic and postural balance difficulty during gait perturbations using stabilizing\/destabilizing forces. <em>Journal of Biomechanics, 48<\/em>(3), 441-448. doi:10.1016\/j.jbiomech.2014.12.027<\/li>\n<\/ul>\n<h2>Research interests<\/h2>\n<ul>\n<li>Control and rehabilitation of balance during gait<\/li>\n<li>Simple and complex proprioceptive stimulations for rehabilitation<\/li>\n<li>Localized muscle vibration<\/li>\n<li>Motion analysis<\/li>\n<li>Inertial sensors<\/li>\n<\/ul>\n","protected":false},"excerpt":{"rendered":"<p>Education French physical therapist diploma, Institut de Formation en masso-kin\u00e9sith\u00e9rapie d\u2019Orl\u00e9ans, France (1998) B. Sc., Cognitive neurosciences, Universit\u00e9 d\u2019Aix-Marseille I, France (2000) M. Sc., Physiology and biomechanics, Universit\u00e9 Paris-X, France [&hellip;]<\/p>\n","protected":false},"author":237,"featured_media":0,"parent":13845,"menu_order":0,"comment_status":"closed","ping_status":"closed","template":"","meta":{"footnotes":""},"class_list":["post-17754","page","type-page","status-publish","hentry"],"yoast_head":"<!-- This site is optimized with the Yoast SEO plugin v25.0 - https:\/\/yoast.com\/wordpress\/plugins\/seo\/ -->\n<title>Cyril Duclos, Ph. D. - \u00c9cole de r\u00e9adaptation - Universit\u00e9 de Montr\u00e9al<\/title>\n<meta name=\"robots\" content=\"index, follow, max-snippet:-1, max-image-preview:large, max-video-preview:-1\" \/>\n<link rel=\"canonical\" href=\"https:\/\/readaptation.umontreal.ca\/en\/research\/researchers\/cyril-duclos-ph-d\/\" \/>\n<meta property=\"og:locale\" content=\"en_US\" \/>\n<meta property=\"og:type\" content=\"article\" \/>\n<meta property=\"og:title\" content=\"Cyril Duclos, Ph. D. - \u00c9cole de r\u00e9adaptation - Universit\u00e9 de Montr\u00e9al\" \/>\n<meta property=\"og:description\" content=\"Education French physical therapist diploma, Institut de Formation en masso-kin\u00e9sith\u00e9rapie d\u2019Orl\u00e9ans, France (1998) B. Sc., Cognitive neurosciences, Universit\u00e9 d\u2019Aix-Marseille I, France (2000) M. Sc., Physiology and biomechanics, Universit\u00e9 Paris-X, France [&hellip;]\" \/>\n<meta property=\"og:url\" content=\"https:\/\/readaptation.umontreal.ca\/en\/research\/researchers\/cyril-duclos-ph-d\/\" \/>\n<meta property=\"og:site_name\" content=\"\u00c9cole de r\u00e9adaptation\" \/>\n<meta property=\"article:modified_time\" content=\"2021-09-01T21:30:08+00:00\" \/>\n<meta property=\"og:image\" content=\"https:\/\/readaptation-prod.umontreal.ca\/wp-content\/uploads\/sites\/21\/cyril_duclos11.jpg\" \/>\n<meta name=\"twitter:label1\" content=\"Est. reading time\" \/>\n\t<meta name=\"twitter:data1\" content=\"3 minutes\" \/>\n<script type=\"application\/ld+json\" class=\"yoast-schema-graph\">{\"@context\":\"https:\/\/schema.org\",\"@graph\":[{\"@type\":\"WebPage\",\"@id\":\"https:\/\/readaptation.umontreal.ca\/en\/research\/researchers\/cyril-duclos-ph-d\/\",\"url\":\"https:\/\/readaptation.umontreal.ca\/en\/research\/researchers\/cyril-duclos-ph-d\/\",\"name\":\"Cyril Duclos, Ph. D. - \u00c9cole de r\u00e9adaptation - Universit\u00e9 de Montr\u00e9al\",\"isPartOf\":{\"@id\":\"https:\/\/readaptation.umontreal.ca\/#website\"},\"primaryImageOfPage\":{\"@id\":\"https:\/\/readaptation.umontreal.ca\/en\/research\/researchers\/cyril-duclos-ph-d\/#primaryimage\"},\"image\":{\"@id\":\"https:\/\/readaptation.umontreal.ca\/en\/research\/researchers\/cyril-duclos-ph-d\/#primaryimage\"},\"thumbnailUrl\":\"https:\/\/readaptation.umontreal.ca\/wp-content\/uploads\/sites\/21\/cyril_duclos11.jpg\",\"datePublished\":\"2020-04-06T15:33:23+00:00\",\"dateModified\":\"2021-09-01T21:30:08+00:00\",\"breadcrumb\":{\"@id\":\"https:\/\/readaptation.umontreal.ca\/en\/research\/researchers\/cyril-duclos-ph-d\/#breadcrumb\"},\"inLanguage\":\"en-US\",\"potentialAction\":[{\"@type\":\"ReadAction\",\"target\":[\"https:\/\/readaptation.umontreal.ca\/en\/research\/researchers\/cyril-duclos-ph-d\/\"]}]},{\"@type\":\"ImageObject\",\"inLanguage\":\"en-US\",\"@id\":\"https:\/\/readaptation.umontreal.ca\/en\/research\/researchers\/cyril-duclos-ph-d\/#primaryimage\",\"url\":\"https:\/\/readaptation.umontreal.ca\/wp-content\/uploads\/sites\/21\/cyril_duclos11.jpg\",\"contentUrl\":\"https:\/\/readaptation.umontreal.ca\/wp-content\/uploads\/sites\/21\/cyril_duclos11.jpg\"},{\"@type\":\"BreadcrumbList\",\"@id\":\"https:\/\/readaptation.umontreal.ca\/en\/research\/researchers\/cyril-duclos-ph-d\/#breadcrumb\",\"itemListElement\":[{\"@type\":\"ListItem\",\"position\":1,\"name\":\"Accueil\",\"item\":\"https:\/\/readaptation.umontreal.ca\/\"},{\"@type\":\"ListItem\",\"position\":2,\"name\":\"Research\",\"item\":\"https:\/\/readaptation.umontreal.ca\/en\/research\/\"},{\"@type\":\"ListItem\",\"position\":3,\"name\":\"Researchers\",\"item\":\"https:\/\/readaptation.umontreal.ca\/en\/research\/researchers\/\"},{\"@type\":\"ListItem\",\"position\":4,\"name\":\"Cyril Duclos, Ph. D.\"}]},{\"@type\":\"WebSite\",\"@id\":\"https:\/\/readaptation.umontreal.ca\/#website\",\"url\":\"https:\/\/readaptation.umontreal.ca\/\",\"name\":\"\u00c9cole de r\u00e9adaptation\",\"description\":\"\",\"potentialAction\":[{\"@type\":\"SearchAction\",\"target\":{\"@type\":\"EntryPoint\",\"urlTemplate\":\"https:\/\/readaptation.umontreal.ca\/?s={search_term_string}\"},\"query-input\":{\"@type\":\"PropertyValueSpecification\",\"valueRequired\":true,\"valueName\":\"search_term_string\"}}],\"inLanguage\":\"en-US\"}]}<\/script>\n<!-- \/ Yoast SEO plugin. -->","yoast_head_json":{"title":"Cyril Duclos, Ph. D. - \u00c9cole de r\u00e9adaptation - Universit\u00e9 de Montr\u00e9al","robots":{"index":"index","follow":"follow","max-snippet":"max-snippet:-1","max-image-preview":"max-image-preview:large","max-video-preview":"max-video-preview:-1"},"canonical":"https:\/\/readaptation.umontreal.ca\/en\/research\/researchers\/cyril-duclos-ph-d\/","og_locale":"en_US","og_type":"article","og_title":"Cyril Duclos, Ph. D. - \u00c9cole de r\u00e9adaptation - Universit\u00e9 de Montr\u00e9al","og_description":"Education French physical therapist diploma, Institut de Formation en masso-kin\u00e9sith\u00e9rapie d\u2019Orl\u00e9ans, France (1998) B. Sc., Cognitive neurosciences, Universit\u00e9 d\u2019Aix-Marseille I, France (2000) M. Sc., Physiology and biomechanics, Universit\u00e9 Paris-X, France [&hellip;]","og_url":"https:\/\/readaptation.umontreal.ca\/en\/research\/researchers\/cyril-duclos-ph-d\/","og_site_name":"\u00c9cole de r\u00e9adaptation","article_modified_time":"2021-09-01T21:30:08+00:00","og_image":[{"url":"https:\/\/readaptation-prod.umontreal.ca\/wp-content\/uploads\/sites\/21\/cyril_duclos11.jpg","type":"","width":"","height":""}],"twitter_misc":{"Est. reading time":"3 minutes"},"schema":{"@context":"https:\/\/schema.org","@graph":[{"@type":"WebPage","@id":"https:\/\/readaptation.umontreal.ca\/en\/research\/researchers\/cyril-duclos-ph-d\/","url":"https:\/\/readaptation.umontreal.ca\/en\/research\/researchers\/cyril-duclos-ph-d\/","name":"Cyril Duclos, Ph. D. - \u00c9cole de r\u00e9adaptation - Universit\u00e9 de Montr\u00e9al","isPartOf":{"@id":"https:\/\/readaptation.umontreal.ca\/#website"},"primaryImageOfPage":{"@id":"https:\/\/readaptation.umontreal.ca\/en\/research\/researchers\/cyril-duclos-ph-d\/#primaryimage"},"image":{"@id":"https:\/\/readaptation.umontreal.ca\/en\/research\/researchers\/cyril-duclos-ph-d\/#primaryimage"},"thumbnailUrl":"https:\/\/readaptation.umontreal.ca\/wp-content\/uploads\/sites\/21\/cyril_duclos11.jpg","datePublished":"2020-04-06T15:33:23+00:00","dateModified":"2021-09-01T21:30:08+00:00","breadcrumb":{"@id":"https:\/\/readaptation.umontreal.ca\/en\/research\/researchers\/cyril-duclos-ph-d\/#breadcrumb"},"inLanguage":"en-US","potentialAction":[{"@type":"ReadAction","target":["https:\/\/readaptation.umontreal.ca\/en\/research\/researchers\/cyril-duclos-ph-d\/"]}]},{"@type":"ImageObject","inLanguage":"en-US","@id":"https:\/\/readaptation.umontreal.ca\/en\/research\/researchers\/cyril-duclos-ph-d\/#primaryimage","url":"https:\/\/readaptation.umontreal.ca\/wp-content\/uploads\/sites\/21\/cyril_duclos11.jpg","contentUrl":"https:\/\/readaptation.umontreal.ca\/wp-content\/uploads\/sites\/21\/cyril_duclos11.jpg"},{"@type":"BreadcrumbList","@id":"https:\/\/readaptation.umontreal.ca\/en\/research\/researchers\/cyril-duclos-ph-d\/#breadcrumb","itemListElement":[{"@type":"ListItem","position":1,"name":"Accueil","item":"https:\/\/readaptation.umontreal.ca\/"},{"@type":"ListItem","position":2,"name":"Research","item":"https:\/\/readaptation.umontreal.ca\/en\/research\/"},{"@type":"ListItem","position":3,"name":"Researchers","item":"https:\/\/readaptation.umontreal.ca\/en\/research\/researchers\/"},{"@type":"ListItem","position":4,"name":"Cyril Duclos, Ph. D."}]},{"@type":"WebSite","@id":"https:\/\/readaptation.umontreal.ca\/#website","url":"https:\/\/readaptation.umontreal.ca\/","name":"\u00c9cole de r\u00e9adaptation","description":"","potentialAction":[{"@type":"SearchAction","target":{"@type":"EntryPoint","urlTemplate":"https:\/\/readaptation.umontreal.ca\/?s={search_term_string}"},"query-input":{"@type":"PropertyValueSpecification","valueRequired":true,"valueName":"search_term_string"}}],"inLanguage":"en-US"}]}},"_links":{"self":[{"href":"https:\/\/readaptation.umontreal.ca\/en\/wp-json\/wp\/v2\/pages\/17754","targetHints":{"allow":["GET"]}}],"collection":[{"href":"https:\/\/readaptation.umontreal.ca\/en\/wp-json\/wp\/v2\/pages"}],"about":[{"href":"https:\/\/readaptation.umontreal.ca\/en\/wp-json\/wp\/v2\/types\/page"}],"author":[{"embeddable":true,"href":"https:\/\/readaptation.umontreal.ca\/en\/wp-json\/wp\/v2\/users\/237"}],"replies":[{"embeddable":true,"href":"https:\/\/readaptation.umontreal.ca\/en\/wp-json\/wp\/v2\/comments?post=17754"}],"version-history":[{"count":4,"href":"https:\/\/readaptation.umontreal.ca\/en\/wp-json\/wp\/v2\/pages\/17754\/revisions"}],"predecessor-version":[{"id":18852,"href":"https:\/\/readaptation.umontreal.ca\/en\/wp-json\/wp\/v2\/pages\/17754\/revisions\/18852"}],"up":[{"embeddable":true,"href":"https:\/\/readaptation.umontreal.ca\/en\/wp-json\/wp\/v2\/pages\/13845"}],"wp:attachment":[{"href":"https:\/\/readaptation.umontreal.ca\/en\/wp-json\/wp\/v2\/media?parent=17754"}],"curies":[{"name":"wp","href":"https:\/\/api.w.org\/{rel}","templated":true}]}}