{"id":17367,"date":"2020-01-08T20:32:29","date_gmt":"2020-01-08T19:32:29","guid":{"rendered":"https:\/\/readaptation.umontreal.ca\/research\/researchers\/martine-levesque-ph-d\/"},"modified":"2025-08-11T18:04:10","modified_gmt":"2025-08-11T17:04:10","slug":"martine-levesque-ph-d","status":"publish","type":"page","link":"https:\/\/readaptation.umontreal.ca\/en\/research\/researchers\/martine-levesque-ph-d\/","title":{"rendered":"Martine L\u00e9vesque, Ph. D."},"content":{"rendered":"<div class=\"one-third first \">\n<img loading=\"lazy\" decoding=\"async\" src=\"https:\/\/readaptation.umontreal.ca\/wp-content\/uploads\/sites\/21\/2018\/02\/blanc.jpg\" alt=\"\" class=\"alignnone size-full wp-image-14194\" width=\"36\" height=\"36\" \/><br \/>\n<img loading=\"lazy\" decoding=\"async\" src=\"https:\/\/readaptation.umontreal.ca\/wp-content\/uploads\/sites\/21\/2025\/08\/Levesque_Martine-450x300.png\" alt=\"\" class=\"alignnone wp-image-23655 \" width=\"248\" height=\"165\" srcset=\"https:\/\/readaptation.umontreal.ca\/wp-content\/uploads\/sites\/21\/2025\/08\/Levesque_Martine-450x300.png 450w, https:\/\/readaptation.umontreal.ca\/wp-content\/uploads\/sites\/21\/2025\/08\/Levesque_Martine-150x100.png 150w, https:\/\/readaptation.umontreal.ca\/wp-content\/uploads\/sites\/21\/2025\/08\/Levesque_Martine-300x200.png 300w, https:\/\/readaptation.umontreal.ca\/wp-content\/uploads\/sites\/21\/2025\/08\/Levesque_Martine.png 577w\" sizes=\"auto, (max-width: 248px) 100vw, 248px\" \/><br \/>\n<\/div>\n<div class=\"two-third  \">\n<h3>Tenured professor<\/h3>\n<p><strong>Contact details (Research)<\/strong><br \/>\nCentre de recherche de Montr\u00e9al sur les in\u00e9galit\u00e9s sociales et les discriminations (CREMIS)<br \/>\n66, Sainte-Catherine East<br \/>\nMontreal (Quebec) H2X 1K7<\/p>\n<p>Centre de Recherches Appliqu\u00e9es et Interdisciplinaires sur les Violences intimes, familiales, et structurelles (RAIV)<\/p>\n<p><strong>Contact details (School of Rehabilitation)<\/strong><br \/>\n<strong>T <\/strong>514\u00a0343-6111, ext. 44046<br \/>\n<a href=\"mailto:martine.levesque.4@umontreal.ca\">martine.levesque.4@umontreal.ca<\/a><\/p>\n<p><strong>Program<\/strong><br \/>\nOccupational Therapy<\/p>\n<p><a href=\"https:\/\/medecine.umontreal.ca\/recherche\/les-chercheurs-de-la-faculte\/portraits-chercheurs\/nathalie-bier-qualite-de-vie-patients-filigrane\/\" target=\"_blank\" rel=\"noopener noreferrer\"><\/a><\/div>\n<hr\/>\n<h2>Education<\/h2>\n<ul>\n<li>B. Sc. Occupational therapy, School of rehabilitation, Universit\u00e9 de Montr\u00e9al (1990)<\/li>\n<li>M. Sc. Biomedical sciences, Faculty of Medicine, Universit\u00e9 de Montr\u00e9al (1993)<\/li>\n<li>Ph. D. Public Health, School of Public Health, Universit\u00e9 de Montr\u00e9al (2016)<\/li>\n<li>Postdoctoral fellowship, Health planning and community participation, Oral health and society, McGill University (2016-2019)<\/li>\n<\/ul>\n<ul><\/ul>\n<h2>Current research projects<\/h2>\n<ul>\n<li style=\"text-align: justify;\"><em>Network environments for Indigenous Health Reseach-Qu\u00e9bec (NEIHR-QC) <\/em>Canadian Institutes of Health Research, Project funding. Duration\u00a0: 2025-2030. Principal applicants: Treena Delorimier, McGill, Dave Bergeron, UQAR, Am\u00e9lie Blanchet Garneau, UdeM, Brittany Wenniseriiostha, McGill, Anne-Marie Leclerc, UQTR, Lucie L\u00e9vesque, Queens, Annie Pullen Sansfa\u00e7on, UdeM, Marie-Claude Trembay, U Laval; role\u00a0: co-researcher.<\/li>\n<li style=\"text-align: justify;\"><em>Sortir<\/em> <em>des violences intimes, familiales et structurelles \u00e0 l&#8217;\u00e8re post-pand\u00e9mique : des pratiques et politiques ancr\u00e9es dans l&#8217;exp\u00e9rience des personnes concern\u00e9es<\/em>. Partnerhsip program, Social sciences and humanities research council. Duration\u00a0: 2023-2030..<strong><\/strong>Principal applicant\u00a0: Genevi\u00e8ve Lessard; role\u00a0: co-researcher.<\/li>\n<li style=\"text-align: justify;\"><em>Mobilizing resilience through community-to-community (C2C) exchange: Seven Generations thinking for wellness and diabetes prevention<\/em>. <em>Diabetes Prevention and Treatment in Indigenous Communities: Resilience and Wellness.<\/em> Canadian Institutes of Health Research, Project grant: 2023-2028. Principal applicants : Lucie L\u00e9vesque, Dave Bergeron, Treena Delormier, Brittany Jock; role: co-researcher<\/li>\n<li style=\"text-align: justify;\"><em>Occupational well-being and safety of <\/em><em>women with disabilities experiencing domestic violence: life course trajectories and pathways out of violence<\/em>. Research Support Grant for New Professors. Fonds de recherche du Qu\u00e9bec: Soci\u00e9t\u00e9 et Culture; Sept. 2022-August 2025<\/li>\n<li style=\"list-style-type: none;\">\n<ul><\/ul>\n<\/li>\n<\/ul>\n<h2>Selected publications<\/h2>\n<ul>\n<li style=\"text-align: justify;\">Veras M, Sigouin J, Auger L-P, Auger C, Ahmed S, Boychuck Z, Cavallo S,\u00a0<strong>L\u00e9vesque M<\/strong>, Lovo S, Miller WC, et al. (2025). A Rapid Review of Ethical and Equity Dimensions in Telerehabilitation for Physiotherapy and Occupational Therapy.\u00a0<em>International Journal of Environmental Research and Public Health<\/em>.\u00a0 22(7):1091. https:\/\/doi.org\/10.3390\/ijerph22071091<\/li>\n<li style=\"text-align: justify;\"><strong>L\u00e9vesque MC<\/strong>, Kutcher A, Roy L, Linton P, Trapper L, Torrie J, Macdonald ME. Eeyou\/Eenou community voices on\u00a0<em>\u2018doing\u2019\u00a0<\/em>Miyupimaatisiiun (wellness) planning: An occupational transactional perspective. (2024).\u00a0<em>Journal of Occupational Science (JOS)<strong>.\u00a0<\/strong><\/em>Vol. 31, no.2\u00a0<a href=\"https:\/\/www.tandfonline.com\/doi\/full\/10.1080\/14427591.2023.2290011\">https:\/\/www.tandfonline.com\/doi\/full\/10.1080\/14427591.2023.2290011<\/a>.<\/li>\n<li style=\"text-align: justify;\">Munoz, Y,\u00a0<strong>L\u00e9vesque MC,<\/strong>\u00a0Roy L, Gauthier L, Bergeron L. Intimate Partner Violence and Disability: Addressing Systemic Barriers. (2023).\u00a0<em>Georgetown Journal of International Affairs<\/em><em>.\u00a0<\/em><a href=\"https:\/\/gjia.georgetown.edu\/2023\/11\/04\/intimate-partner-violence-and-disability-addressing-systemic-barriers\/\">https:\/\/gjia.georgetown.edu\/2023\/11\/04\/intimate-partner-violence-and-disability-addressing-systemic-barriers\/<\/a>\u00a0Publi\u00e9 en ligne le 4 novembre 2023.<\/li>\n<li style=\"text-align: justify;\"><strong>L\u00e9vesque MC,\u00a0<\/strong>Munoz Y, Laurence-Ruel C, Gauthier L, Labrecque-Lebeau L. (2023). Violence, femmes et handicap : responsabilit\u00e9 sociale de l\u2019ergoth\u00e9rapie ? Actualit\u00e9s ergoth\u00e9rapiques, revue de l\u2019Association canadienne des ergoth\u00e9rapeutes. \u00c9dition mai\/juin 2023.<\/li>\n<li style=\"text-align: justify;\"><strong>L\u00e9vesque, MC.,<\/strong>\u00a0Kutcher, A., Roy, L., Linton, P., Trapper, L., Torrie, J. E., &amp; MacDonald, M. E. (2023). Occupational transaction in support of miyupimaatisiiun (wellness): Eeyou\/Eenou community voices.\u00a0<em>Journal of Occupational Science, 30<\/em>(3), 342\u2013362.\u00a0<a href=\"https:\/\/psycnet.apa.org\/doi\/10.1080\/14427591.2022.2132999\">https:\/\/doi.org\/10.1080\/14427591.2022.2132999<\/a><\/li>\n<li style=\"text-align: justify;\">Laurence-Ruel C<strong>*<\/strong>,\u00a0<strong>L\u00e9vesque MC,\u00a0<\/strong>Munoz Y, Labrecque-Lebeau L, Gauthier L. (2022). Exp\u00e9riences de violence conjugale chez les femmes en situation de handicap, une analyse structurelle des leviers et barri\u00e8res \u00e0 la sortie de violence. \u00c9dition Hiver 2022 Revue du CREMIS (Centre de recherche sur les in\u00e9galit\u00e9s sociales, les discriminations et les pratiques alternatives de citoyennet\u00e9). Vol. 13, no.2.<\/li>\n<li style=\"text-align: justify;\">Mass\u00e9 J, Dup\u00e9r\u00e9 S, Martin E,\u00a0<strong>L\u00e9vesque M<\/strong>. (2020). Transformative medical education: must community-based traineeship experiences be part of the curriculum? A qualitative study.<em>\u00a0International Journal for Equity in Health.\u00a0<\/em>Version \u00e9lectronique: 19:94. org\/10.1186\/s12939-020-01213-4<\/li>\n<li style=\"text-align: justify;\"><strong>L\u00e9vesque, M. C.<\/strong>, Law, S., Torrie, J., Carlin, R., Trapper, L., Kutcher, A. &amp; Macdonald, M. E. (2019) Northern Qu\u00e9bec James Bay Cree regional health governance in support of community participation: Honoring the \u201cButterfly.\u201d\u00a0<em>International Indigenous Policy Journal. 10<\/em>(4). doi:10.18584\/iipj.2019.10.4.8425.<\/li>\n<li style=\"text-align: justify;\">Teachman, G.,\u00a0<strong>L\u00e9vesque, M. C.<\/strong>, Keboa, M. T., Danish, B. A., Mastorakis, K., Noronha, C., &amp; Macdonald, M. E. (2018). Group peer review: Reflections on a model for teaching and learning qualitative inquiry.\u00a0<em>International Review of Qualitative Research, 11<\/em>(4), 452-466. doi:10.1525\/<br \/>\n2018.11.4.452.<\/li>\n<li style=\"text-align: justify;\"><strong>L\u00e9vesque, M. C.<\/strong>, Dup\u00e9r\u00e9, S., Morin, N., C\u00f4t\u00e9, J., Roberge, N., Laurin, I., Bedos, C. (2015). Translating knowledge on poverty to humanize care: benefits and synergies of community engagement with the arts.\u00a0<em>Educational Action Research, 23<\/em>(2), 207-224. doi:10.1080\/<br \/>\n2014.980286<\/li>\n<li style=\"text-align: justify;\"><strong>L\u00e9vesque, M. C.<\/strong>, Hovey, R. B., &amp; Bedos, C. (2013). Advancing patient-centered care through transformative educational leadership: a critical review of health care professional preparation for patient-centered care.\u00a0<em>Journal of Healthcare Leadership. 5,\u00a0<\/em>35-46. doi:10.2147\/jhl.s30889<\/li>\n<\/ul>\n<h2>Research interests<\/h2>\n<ul>\n<li>Occupational Science:\n<ul>\n<li>Indigenous community mobilization and participation in wellness planning<\/li>\n<li>Occupational justice, women with disabilities and intimate partner violence<\/li>\n<li>Occupational transactionalism<\/li>\n<li>Occupational community development<\/li>\n<\/ul>\n<\/li>\n<li>Cultural safety in healthcare and cultural grounding in health promotion<\/li>\n<li>Community-based participatory research and qualitative methodologies<\/li>\n<li>Lifecourse perspectives<\/li>\n<li>Social and political practices in occupational therapy<\/li>\n<li>Equity, diversity, inclusion and accessibility<\/li>\n<\/ul>\n","protected":false},"excerpt":{"rendered":"<p>Education B. Sc. Occupational therapy, School of rehabilitation, Universit\u00e9 de Montr\u00e9al (1990) M. Sc. Biomedical sciences, Faculty of Medicine, Universit\u00e9 de Montr\u00e9al (1993) Ph. D. Public Health, School of Public [&hellip;]<\/p>\n","protected":false},"author":90,"featured_media":0,"parent":13845,"menu_order":0,"comment_status":"closed","ping_status":"closed","template":"","meta":{"footnotes":""},"class_list":["post-17367","page","type-page","status-publish","hentry"],"yoast_head":"<!-- This site is optimized with the Yoast SEO plugin v25.0 - https:\/\/yoast.com\/wordpress\/plugins\/seo\/ -->\n<title>Martine L\u00e9vesque, Ph. D. - \u00c9cole de r\u00e9adaptation - Universit\u00e9 de Montr\u00e9al<\/title>\n<meta name=\"robots\" content=\"index, follow, max-snippet:-1, max-image-preview:large, max-video-preview:-1\" \/>\n<link rel=\"canonical\" href=\"https:\/\/readaptation.umontreal.ca\/en\/research\/researchers\/martine-levesque-ph-d\/\" \/>\n<meta property=\"og:locale\" content=\"en_US\" \/>\n<meta property=\"og:type\" content=\"article\" \/>\n<meta property=\"og:title\" content=\"Martine L\u00e9vesque, Ph. D. - \u00c9cole de r\u00e9adaptation - Universit\u00e9 de Montr\u00e9al\" \/>\n<meta property=\"og:description\" content=\"Education B. Sc. Occupational therapy, School of rehabilitation, Universit\u00e9 de Montr\u00e9al (1990) M. Sc. Biomedical sciences, Faculty of Medicine, Universit\u00e9 de Montr\u00e9al (1993) Ph. D. Public Health, School of Public [&hellip;]\" \/>\n<meta property=\"og:url\" content=\"https:\/\/readaptation.umontreal.ca\/en\/research\/researchers\/martine-levesque-ph-d\/\" \/>\n<meta property=\"og:site_name\" content=\"\u00c9cole de r\u00e9adaptation\" \/>\n<meta property=\"article:modified_time\" content=\"2025-08-11T17:04:10+00:00\" \/>\n<meta property=\"og:image\" content=\"https:\/\/readaptation.umontreal.ca\/wp-content\/uploads\/sites\/21\/2018\/02\/blanc.jpg\" \/>\n\t<meta property=\"og:image:width\" content=\"36\" \/>\n\t<meta property=\"og:image:height\" content=\"36\" \/>\n\t<meta property=\"og:image:type\" content=\"image\/jpeg\" \/>\n<meta name=\"twitter:label1\" content=\"Est. reading time\" \/>\n\t<meta name=\"twitter:data1\" content=\"5 minutes\" \/>\n<script type=\"application\/ld+json\" class=\"yoast-schema-graph\">{\"@context\":\"https:\/\/schema.org\",\"@graph\":[{\"@type\":\"WebPage\",\"@id\":\"https:\/\/readaptation.umontreal.ca\/en\/research\/researchers\/martine-levesque-ph-d\/\",\"url\":\"https:\/\/readaptation.umontreal.ca\/en\/research\/researchers\/martine-levesque-ph-d\/\",\"name\":\"Martine L\u00e9vesque, Ph. D. - \u00c9cole de r\u00e9adaptation - Universit\u00e9 de Montr\u00e9al\",\"isPartOf\":{\"@id\":\"https:\/\/readaptation.umontreal.ca\/#website\"},\"primaryImageOfPage\":{\"@id\":\"https:\/\/readaptation.umontreal.ca\/en\/research\/researchers\/martine-levesque-ph-d\/#primaryimage\"},\"image\":{\"@id\":\"https:\/\/readaptation.umontreal.ca\/en\/research\/researchers\/martine-levesque-ph-d\/#primaryimage\"},\"thumbnailUrl\":\"https:\/\/readaptation.umontreal.ca\/wp-content\/uploads\/sites\/21\/2018\/02\/blanc.jpg\",\"datePublished\":\"2020-01-08T19:32:29+00:00\",\"dateModified\":\"2025-08-11T17:04:10+00:00\",\"breadcrumb\":{\"@id\":\"https:\/\/readaptation.umontreal.ca\/en\/research\/researchers\/martine-levesque-ph-d\/#breadcrumb\"},\"inLanguage\":\"en-US\",\"potentialAction\":[{\"@type\":\"ReadAction\",\"target\":[\"https:\/\/readaptation.umontreal.ca\/en\/research\/researchers\/martine-levesque-ph-d\/\"]}]},{\"@type\":\"ImageObject\",\"inLanguage\":\"en-US\",\"@id\":\"https:\/\/readaptation.umontreal.ca\/en\/research\/researchers\/martine-levesque-ph-d\/#primaryimage\",\"url\":\"https:\/\/readaptation.umontreal.ca\/wp-content\/uploads\/sites\/21\/2018\/02\/blanc.jpg\",\"contentUrl\":\"https:\/\/readaptation.umontreal.ca\/wp-content\/uploads\/sites\/21\/2018\/02\/blanc.jpg\"},{\"@type\":\"BreadcrumbList\",\"@id\":\"https:\/\/readaptation.umontreal.ca\/en\/research\/researchers\/martine-levesque-ph-d\/#breadcrumb\",\"itemListElement\":[{\"@type\":\"ListItem\",\"position\":1,\"name\":\"Accueil\",\"item\":\"https:\/\/readaptation.umontreal.ca\/\"},{\"@type\":\"ListItem\",\"position\":2,\"name\":\"Research\",\"item\":\"https:\/\/readaptation.umontreal.ca\/en\/research\/\"},{\"@type\":\"ListItem\",\"position\":3,\"name\":\"Researchers\",\"item\":\"https:\/\/readaptation.umontreal.ca\/en\/research\/researchers\/\"},{\"@type\":\"ListItem\",\"position\":4,\"name\":\"Martine L\u00e9vesque, Ph. D.\"}]},{\"@type\":\"WebSite\",\"@id\":\"https:\/\/readaptation.umontreal.ca\/#website\",\"url\":\"https:\/\/readaptation.umontreal.ca\/\",\"name\":\"\u00c9cole de r\u00e9adaptation\",\"description\":\"\",\"potentialAction\":[{\"@type\":\"SearchAction\",\"target\":{\"@type\":\"EntryPoint\",\"urlTemplate\":\"https:\/\/readaptation.umontreal.ca\/?s={search_term_string}\"},\"query-input\":{\"@type\":\"PropertyValueSpecification\",\"valueRequired\":true,\"valueName\":\"search_term_string\"}}],\"inLanguage\":\"en-US\"}]}<\/script>\n<!-- \/ Yoast SEO plugin. -->","yoast_head_json":{"title":"Martine L\u00e9vesque, Ph. D. - \u00c9cole de r\u00e9adaptation - Universit\u00e9 de Montr\u00e9al","robots":{"index":"index","follow":"follow","max-snippet":"max-snippet:-1","max-image-preview":"max-image-preview:large","max-video-preview":"max-video-preview:-1"},"canonical":"https:\/\/readaptation.umontreal.ca\/en\/research\/researchers\/martine-levesque-ph-d\/","og_locale":"en_US","og_type":"article","og_title":"Martine L\u00e9vesque, Ph. D. - \u00c9cole de r\u00e9adaptation - Universit\u00e9 de Montr\u00e9al","og_description":"Education B. Sc. Occupational therapy, School of rehabilitation, Universit\u00e9 de Montr\u00e9al (1990) M. Sc. Biomedical sciences, Faculty of Medicine, Universit\u00e9 de Montr\u00e9al (1993) Ph. D. Public Health, School of Public [&hellip;]","og_url":"https:\/\/readaptation.umontreal.ca\/en\/research\/researchers\/martine-levesque-ph-d\/","og_site_name":"\u00c9cole de r\u00e9adaptation","article_modified_time":"2025-08-11T17:04:10+00:00","og_image":[{"width":36,"height":36,"url":"https:\/\/readaptation.umontreal.ca\/wp-content\/uploads\/sites\/21\/2018\/02\/blanc.jpg","type":"image\/jpeg"}],"twitter_misc":{"Est. reading time":"5 minutes"},"schema":{"@context":"https:\/\/schema.org","@graph":[{"@type":"WebPage","@id":"https:\/\/readaptation.umontreal.ca\/en\/research\/researchers\/martine-levesque-ph-d\/","url":"https:\/\/readaptation.umontreal.ca\/en\/research\/researchers\/martine-levesque-ph-d\/","name":"Martine L\u00e9vesque, Ph. D. - \u00c9cole de r\u00e9adaptation - Universit\u00e9 de Montr\u00e9al","isPartOf":{"@id":"https:\/\/readaptation.umontreal.ca\/#website"},"primaryImageOfPage":{"@id":"https:\/\/readaptation.umontreal.ca\/en\/research\/researchers\/martine-levesque-ph-d\/#primaryimage"},"image":{"@id":"https:\/\/readaptation.umontreal.ca\/en\/research\/researchers\/martine-levesque-ph-d\/#primaryimage"},"thumbnailUrl":"https:\/\/readaptation.umontreal.ca\/wp-content\/uploads\/sites\/21\/2018\/02\/blanc.jpg","datePublished":"2020-01-08T19:32:29+00:00","dateModified":"2025-08-11T17:04:10+00:00","breadcrumb":{"@id":"https:\/\/readaptation.umontreal.ca\/en\/research\/researchers\/martine-levesque-ph-d\/#breadcrumb"},"inLanguage":"en-US","potentialAction":[{"@type":"ReadAction","target":["https:\/\/readaptation.umontreal.ca\/en\/research\/researchers\/martine-levesque-ph-d\/"]}]},{"@type":"ImageObject","inLanguage":"en-US","@id":"https:\/\/readaptation.umontreal.ca\/en\/research\/researchers\/martine-levesque-ph-d\/#primaryimage","url":"https:\/\/readaptation.umontreal.ca\/wp-content\/uploads\/sites\/21\/2018\/02\/blanc.jpg","contentUrl":"https:\/\/readaptation.umontreal.ca\/wp-content\/uploads\/sites\/21\/2018\/02\/blanc.jpg"},{"@type":"BreadcrumbList","@id":"https:\/\/readaptation.umontreal.ca\/en\/research\/researchers\/martine-levesque-ph-d\/#breadcrumb","itemListElement":[{"@type":"ListItem","position":1,"name":"Accueil","item":"https:\/\/readaptation.umontreal.ca\/"},{"@type":"ListItem","position":2,"name":"Research","item":"https:\/\/readaptation.umontreal.ca\/en\/research\/"},{"@type":"ListItem","position":3,"name":"Researchers","item":"https:\/\/readaptation.umontreal.ca\/en\/research\/researchers\/"},{"@type":"ListItem","position":4,"name":"Martine L\u00e9vesque, Ph. D."}]},{"@type":"WebSite","@id":"https:\/\/readaptation.umontreal.ca\/#website","url":"https:\/\/readaptation.umontreal.ca\/","name":"\u00c9cole de r\u00e9adaptation","description":"","potentialAction":[{"@type":"SearchAction","target":{"@type":"EntryPoint","urlTemplate":"https:\/\/readaptation.umontreal.ca\/?s={search_term_string}"},"query-input":{"@type":"PropertyValueSpecification","valueRequired":true,"valueName":"search_term_string"}}],"inLanguage":"en-US"}]}},"_links":{"self":[{"href":"https:\/\/readaptation.umontreal.ca\/en\/wp-json\/wp\/v2\/pages\/17367","targetHints":{"allow":["GET"]}}],"collection":[{"href":"https:\/\/readaptation.umontreal.ca\/en\/wp-json\/wp\/v2\/pages"}],"about":[{"href":"https:\/\/readaptation.umontreal.ca\/en\/wp-json\/wp\/v2\/types\/page"}],"author":[{"embeddable":true,"href":"https:\/\/readaptation.umontreal.ca\/en\/wp-json\/wp\/v2\/users\/90"}],"replies":[{"embeddable":true,"href":"https:\/\/readaptation.umontreal.ca\/en\/wp-json\/wp\/v2\/comments?post=17367"}],"version-history":[{"count":16,"href":"https:\/\/readaptation.umontreal.ca\/en\/wp-json\/wp\/v2\/pages\/17367\/revisions"}],"predecessor-version":[{"id":23671,"href":"https:\/\/readaptation.umontreal.ca\/en\/wp-json\/wp\/v2\/pages\/17367\/revisions\/23671"}],"up":[{"embeddable":true,"href":"https:\/\/readaptation.umontreal.ca\/en\/wp-json\/wp\/v2\/pages\/13845"}],"wp:attachment":[{"href":"https:\/\/readaptation.umontreal.ca\/en\/wp-json\/wp\/v2\/media?parent=17367"}],"curies":[{"name":"wp","href":"https:\/\/api.w.org\/{rel}","templated":true}]}}