{"id":13851,"date":"2017-11-09T22:34:51","date_gmt":"2017-11-09T21:34:51","guid":{"rendered":"https:\/\/readaptation.umontreal.ca\/?page_id=13851\/"},"modified":"2025-06-12T14:23:00","modified_gmt":"2025-06-12T13:23:00","slug":"nathalie-bier-ph-d","status":"publish","type":"page","link":"https:\/\/readaptation.umontreal.ca\/en\/research\/researchers\/nathalie-bier-ph-d\/","title":{"rendered":"Nathalie Bier, Ph.D."},"content":{"rendered":"<div class=\"one-third first \">\n<p><span style=\"color: #ffffff;\">&#8211;<\/span><br \/>\n<span style=\"color: #ffffff;\">&#8211;<\/span><br \/>\n<img loading=\"lazy\" decoding=\"async\" src=\"https:\/\/readaptation.umontreal.ca\/wp-content\/uploads\/sites\/21\/2023\/06\/NathalieBier.jpg\" alt=\"\" class=\"alignnone wp-image-19781 \" width=\"172\" height=\"259\" \/><br \/>\n<\/div>\n<div class=\"two-third  \">\n<h3>Full Professor<\/h3>\n<p><strong>Contact details (Research)<br \/>\n<\/strong>Centre de recherche de l\u2019Institut universitaire de g\u00e9riatrie de Montr\u00e9al (CRIUGM)<br \/>\n4565, rue Queen Mary<br \/>\nMontr\u00e9al (Qc) H3W 1W5<br \/>\n<strong>T<\/strong> 514 340-3540, # 4004<\/p>\n<p><strong>Contact details (School of Rehabilitation)<br \/>\n<\/strong><strong>T<\/strong> 514 343-6564<br \/>\n<a href=\"mailto:nathalie.bier@umontreal.ca\">nathalie.bier@umontreal.ca<\/a><\/p>\n<p><strong>Program<br \/>\n<\/strong>Occupational therapy<\/p>\n<p><a href=\"https:\/\/medecine.umontreal.ca\/recherche\/les-chercheurs-de-la-faculte\/portraits-chercheurs\/nathalie-bier-qualite-de-vie-patients-filigrane\/\" target=\"_blank\" rel=\"noopener noreferrer\">Researcher profile (french)<\/a><\/p>\n<\/div>\n<hr\/>\n<h2>Education<\/h2>\n<ul>\n<li>B.Sc. Occupational therapy, \u00c9cole de r\u00e9adaptation, Universit\u00e9 de Montr\u00e9al (1999)<\/li>\n<li>M.Sc. Biomedical sciences, Universit\u00e9 de Montr\u00e9al (2002)<\/li>\n<li>Ph.D. Clinical Sciences \u2013 Geriatrics, Universit\u00e9 de Sherbrooke (2007)<\/li>\n<li>Postdoctoral fellowship, Cognitive sciences, Centre de recherche de l\u2019Universit\u00e9 Laval, Robert Giffard, (2010)<\/li>\n<\/ul>\n<h2>Current research projects<\/h2>\n<ul>\n<li style=\"text-align: justify;\">Functional profile of normal elderly and those with cognitive impairments (mild cognitive impairments, typical and atypical dementia)<\/li>\n<li style=\"text-align: justify;\">Use of new technologies for evaluation of older adults\u2019needs and aging in place<\/li>\n<li style=\"text-align: justify;\">Cognitive rehabilitation and maintaining meaningful activities<\/li>\n<li style=\"text-align: justify;\">Communities and health services for home support of elderly people with cognitive impairment<\/li>\n<\/ul>\n<h2>Selected publications<\/h2>\n<ul>\n<li style=\"text-align: justify;\">Yaddaden, A., Bottari, C., Lussier, M., Kenfack-Ngankam, H., Couture, M. Giroux, S., Pigot, H., Fillou, R-P., <strong>Bier, N<\/strong>. The COOK assistive technology for cognition for older adults with cognitive deficits: A usability study.\u00a0<em>Disability and Rehabilitation: Assistive Technology, <\/em>1\u201315. <a href=\"https:\/\/doi.org\/10.1080\/17483107.2025.2481430\">https:\/\/doi.org\/10.1080\/17483107.2025.2481430<\/a><\/li>\n<li style=\"text-align: justify;\">Spalla, G. Gouin-Vallerand, C., Yaddaden, A., Gagnon-Roy, M., Bottari, C., <strong>Bier, N.<\/strong> (2025). Defining Personas for Assistive Technology Development: Improving the Cognitive Support of Older Adults on the Dementia Continuum. <em>Interacting with computers<\/em>, <a href=\"https:\/\/doi.org\/10.1093\/iwc\/iwae060\">https:\/\/doi.org\/10.1093\/iwc\/iwae060<\/a><\/li>\n<li style=\"text-align: justify;\">Filiou, R.P., Couture, M., *Lussier, M., Aboujaoud\u00e9, A., Par\u00e9, G., Giroux, S., Kenfack Ngankam, H., Belchior, P., Bottari, C., Bouchard, K., Gaboury, S., Gouin-Vallerand, C., Etindele Sosso, F.A., <strong>Bier, N.<\/strong> (2025). Decision-making process of homecare professionals using telemonitoring of activities of daily living for risk assessment in the SAPA Project: An embedded mixed-methods multiple-case study. <em>Journal of Medical Internet Research, <\/em>30\/01\/2025:64713 (forthcoming\/in press). doi :\u00a0<a href=\"https:\/\/doi.org\/10.2196\/64713\">2196\/64713<\/a>. URL:\u00a0<a href=\"https:\/\/preprints.jmir.org\/preprint\/64713\">https:\/\/preprints.jmir.org\/preprint\/64713<\/a><\/li>\n<li style=\"text-align: justify;\">Su\u00e1rez-Gonz\u00e1lez, A., <strong>Bier, N.,<\/strong> Sauvageau, H., Pelak, V. S., Ahmed, S. (2025). Cognitive rehabilitation in posterior cortical atrophy.\u00a0<em>Practical Neurology<\/em>,\u00a0<em>25<\/em>(1), 40-44. <a href=\"https:\/\/doi.org\/10.1136\/pn-2024-004259\">https:\/\/doi.org\/10.1136\/pn-2024-004259<\/a><\/li>\n<li style=\"text-align: justify;\">Spalla, G., *Yaddaden, A., Ngankam, H. K., Gouin-Vallerand, C., &amp; <strong>Bier, N.<\/strong> (2024) Assistive technologies designed to support executive function impairments while promoting independence: A scoping review. <em>Journal of Rehabilitation and Assistive Technologies Engineering<\/em><em>,\u00a011<\/em>, 20556683241268658<em>. <\/em><a href=\"https:\/\/doi.org\/10.1177\/20556683241268658\">https:\/\/doi.org\/10.1177\/205566832412686<\/a><\/li>\n<li style=\"text-align: justify;\">Lussier, M., Couture, M., Giroux, S., Aboujaoud\u00e9, A., Kenfack-Ngankam, H., Pigot, H., Gaboury, S., Bouchard, K., Bottari, C., Belchior, P., Par\u00e9, G., <strong>Bier, N<\/strong>. (2024). Co-development and Implementation of a System for Telemonitoring of Activities of Daily Living in Older Adults Receiving Home Care Services: An Action Design Research Protocol. <em>JMIR Res Protoc. 2024 Feb 29;13:e52284. <\/em><a href=\"https:\/\/doi.org\/10.2196\/52284\">https:\/\/doi.org\/10.2196\/52284<\/a><\/li>\n<li style=\"text-align: justify;\">Wang, R.H., Tannou, T., <strong>Bier, N.,<\/strong> Couture, M., Aubry, R. (2023). Proactive and ongoing analysis and management of ethical concerns in the development, evaluation, and implementation of smart homes for older adults with frailty. <em>JMIR Aging<\/em>, Mar 9;6:e41322. doi: 10.2196\/41322.<\/li>\n<li style=\"text-align: justify;\">DeBroux Leduc, R., <strong>Bier, N<\/strong>., Couture, M., Ansaldo, A.I., Belleville, S., Ben Gaied, N., Chesneau, S., Belchior, P., Fonseca, R., Hebblethwaite, S., Jarema, G., Lacerda, A., Rousseau, J., Van de Velde, C., Filiatrault, J. (2023). Social isolation of older adults living in a neighbourhood of Montreal: A qualitative descriptive study of the perspectives of older adults and community stakeholders. <em>Canadian Journal of Aging.<\/em> <a href=\"https:\/\/can01.safelinks.protection.outlook.com\/?url=https%3A%2F%2Fdoi.org%2F10.1017%2FS071498082300003X&amp;data=05%7C01%7Cnathalie.bier%40umontreal.ca%7C503bf861e3b547d9190b08db1fe6ab44%7Cd27eefec2a474be7981e0f8977fa31d8%7C1%7C0%7C638138847788953474%7CUnknown%7CTWFpbGZsb3d8eyJWIjoiMC4wLjAwMDAiLCJQIjoiV2luMzIiLCJBTiI6Ik1haWwiLCJXVCI6Mn0%3D%7C3000%7C%7C%7C&amp;sdata=tCIc16lqeewWB9E%2FEP3U%2BzXajGEI%2FQLUKe9JNHDd2%2BY%3D&amp;reserved=0\">https:\/\/doi.org\/10.1017\/S071498082300003X<\/a><\/li>\n<li style=\"text-align: justify;\">Briskie-Semeniuk, P., <strong>Bier, N.,<\/strong> Couture, M., Vachon, B., &amp; Belchior, P. (2023). Describing Occupational Therapy Practice for Evaluating Older Adults with Cognitive Impairments. <em>Physical and Occupational Therapy in Geriatrics<\/em>, <em>41<\/em>(2), pp. 308-329. DOI: 10.1080\/02703181.2022.2138676<\/li>\n<li style=\"text-align: justify;\">Tannou, T., Lihoreau, T., Couture, M., Giroux, S., Wang, R.H., Spalla, G., Zarshenia, S., Gagnon-Roy, M., Aboujaoud\u00e9, A., Yaddaden, A., Morin, L., <strong>Bier, N<\/strong>. (2023). Is research on \u2018smart living environments\u2019 for older adults going in circles? Evidence from an umbrella review. <em>Ageing research reviews. <\/em>Dec 21;84:101830. doi: 10.1016\/j.arr.2022.101830.\u00a0Online ahead of print.<\/li>\n<li style=\"text-align: justify;\">Pinard, S., Bottari, C., Lalibert\u00e9, C., Pigot, H., Olivares, M., Couture, M., Aboujaoud\u00e9, A., Giroux, S., <strong>Bier, N.<\/strong> (2022). Development of an assistive technology for cognition to support meal preparation in severe traumatic brain injury: User-centered design study. <em>JMIR Human Factors<\/em>, <em>9<\/em>(3) : e34821. doi:\u00a0<a href=\"https:\/\/doi.org\/10.2196\/34821\">2196\/34821<\/a>.<\/li>\n<li style=\"text-align: justify;\"><strong>Bier, N.<\/strong>, El-Samra, A., Bottari, C., Vallet, G. T., Carignan, M., Paquette, G., . . . Rouleau, I. (2019). Posterior cortical atrophy: Impact on daily living activities and exploration of a cognitive rehabilitation approach. <em>Cogent Psychology, 6<\/em>(1), 1634911. doi:10.1080\/23311908.1634911<\/li>\n<li style=\"text-align: justify;\">Lussier, M., Adam, S., Chikhaoui, B., Consel, C., Gagnon, M., Gilbert, B., . . . <strong>Bier, N.<\/strong> (2019). Smart Home Technology: A new approach for performance measurements of activities of daily living and prediction of mild cognitive impairment in older adults. <em>Journal of Alzheimer\u2019s Disease, 68<\/em>(1), 85-96. doi:10.3233\/jad-180652<\/li>\n<li style=\"text-align: justify;\">Lussier, M., Lavoie, M., Giroux, S., Consel, C., Guay, M., Macoir, J., . . . <strong>Bier, N.<\/strong> (2019). Early detection of mild cognitive impairment with in-home monitoring sensor technologies using functional measures: A systematic review. <em>Journal of Biomedical and Health Informatics, 23<\/em>(2), 838-847. doi:10.1109\/JBHI.2018.2834317<\/li>\n<li style=\"text-align: justify;\">Imbeault, H., Langlois, F., Bocti, C., Gagnon, L., &amp; <strong>Bier, N.<\/strong> (2018). Can people with Alzheimer&#8217;s disease improve their day-to-day functioning with a tablet computer? <em>Neuropsychological Rehabilitation<\/em><em> Special issue on technology and rehabilitation, 28<\/em>(5), 779-796. doi:10.1080\/09602011.2015.1133431<\/li>\n<li style=\"list-style-type: none;\">\n<ul>\n<li style=\"list-style-type: none;\">\n<ul><\/ul>\n<\/li>\n<\/ul>\n<\/li>\n<li style=\"list-style-type: none;\">\n<ul><\/ul>\n<\/li>\n<\/ul>\n<h2>Research interests<\/h2>\n<ul>\n<li>Impact of cognitive deficits on human activities in normal and pathological aging (brain regions and information processing)<\/li>\n<li>Cognitive rehabilitation in the continuum of cognitive aging to dementia (typical and atypical)<\/li>\n<li>Use of new technologies for assessment and intervention in healthy and pathological cognitive aging<\/li>\n<li>Aging in place<\/li>\n<li>Health services<\/li>\n<li>Community settings<\/li>\n<\/ul>\n","protected":false},"excerpt":{"rendered":"<p>Education B.Sc. Occupational therapy, \u00c9cole de r\u00e9adaptation, Universit\u00e9 de Montr\u00e9al (1999) M.Sc. Biomedical sciences, Universit\u00e9 de Montr\u00e9al (2002) Ph.D. Clinical Sciences \u2013 Geriatrics, Universit\u00e9 de Sherbrooke (2007) Postdoctoral fellowship, Cognitive [&hellip;]<\/p>\n","protected":false},"author":25,"featured_media":0,"parent":13845,"menu_order":13,"comment_status":"closed","ping_status":"closed","template":"","meta":{"footnotes":""},"class_list":["post-13851","page","type-page","status-publish","hentry"],"yoast_head":"<!-- This site is optimized with the Yoast SEO plugin v25.0 - https:\/\/yoast.com\/wordpress\/plugins\/seo\/ -->\n<title>Nathalie Bier, Ph.D. - \u00c9cole de r\u00e9adaptation - Universit\u00e9 de Montr\u00e9al<\/title>\n<meta name=\"robots\" content=\"index, follow, max-snippet:-1, max-image-preview:large, max-video-preview:-1\" \/>\n<link rel=\"canonical\" href=\"https:\/\/readaptation.umontreal.ca\/en\/research\/researchers\/nathalie-bier-ph-d\/\" \/>\n<meta property=\"og:locale\" content=\"en_US\" \/>\n<meta property=\"og:type\" content=\"article\" \/>\n<meta property=\"og:title\" content=\"Nathalie Bier, Ph.D. - \u00c9cole de r\u00e9adaptation - Universit\u00e9 de Montr\u00e9al\" \/>\n<meta property=\"og:description\" content=\"Education B.Sc. Occupational therapy, \u00c9cole de r\u00e9adaptation, Universit\u00e9 de Montr\u00e9al (1999) M.Sc. Biomedical sciences, Universit\u00e9 de Montr\u00e9al (2002) Ph.D. Clinical Sciences \u2013 Geriatrics, Universit\u00e9 de Sherbrooke (2007) Postdoctoral fellowship, Cognitive [&hellip;]\" \/>\n<meta property=\"og:url\" content=\"https:\/\/readaptation.umontreal.ca\/en\/research\/researchers\/nathalie-bier-ph-d\/\" \/>\n<meta property=\"og:site_name\" content=\"\u00c9cole de r\u00e9adaptation\" \/>\n<meta property=\"article:modified_time\" content=\"2025-06-12T13:23:00+00:00\" \/>\n<meta property=\"og:image\" content=\"https:\/\/readaptation.umontreal.ca\/wp-content\/uploads\/sites\/21\/2023\/06\/NathalieBier.jpg\" \/>\n\t<meta property=\"og:image:width\" content=\"254\" \/>\n\t<meta property=\"og:image:height\" content=\"381\" \/>\n\t<meta property=\"og:image:type\" content=\"image\/jpeg\" \/>\n<meta name=\"twitter:label1\" content=\"Est. reading time\" \/>\n\t<meta name=\"twitter:data1\" content=\"5 minutes\" \/>\n<script type=\"application\/ld+json\" class=\"yoast-schema-graph\">{\"@context\":\"https:\/\/schema.org\",\"@graph\":[{\"@type\":\"WebPage\",\"@id\":\"https:\/\/readaptation.umontreal.ca\/en\/research\/researchers\/nathalie-bier-ph-d\/\",\"url\":\"https:\/\/readaptation.umontreal.ca\/en\/research\/researchers\/nathalie-bier-ph-d\/\",\"name\":\"Nathalie Bier, Ph.D. - \u00c9cole de r\u00e9adaptation - Universit\u00e9 de Montr\u00e9al\",\"isPartOf\":{\"@id\":\"https:\/\/readaptation.umontreal.ca\/#website\"},\"primaryImageOfPage\":{\"@id\":\"https:\/\/readaptation.umontreal.ca\/en\/research\/researchers\/nathalie-bier-ph-d\/#primaryimage\"},\"image\":{\"@id\":\"https:\/\/readaptation.umontreal.ca\/en\/research\/researchers\/nathalie-bier-ph-d\/#primaryimage\"},\"thumbnailUrl\":\"https:\/\/readaptation.umontreal.ca\/wp-content\/uploads\/sites\/21\/2023\/06\/NathalieBier.jpg\",\"datePublished\":\"2017-11-09T21:34:51+00:00\",\"dateModified\":\"2025-06-12T13:23:00+00:00\",\"breadcrumb\":{\"@id\":\"https:\/\/readaptation.umontreal.ca\/en\/research\/researchers\/nathalie-bier-ph-d\/#breadcrumb\"},\"inLanguage\":\"en-US\",\"potentialAction\":[{\"@type\":\"ReadAction\",\"target\":[\"https:\/\/readaptation.umontreal.ca\/en\/research\/researchers\/nathalie-bier-ph-d\/\"]}]},{\"@type\":\"ImageObject\",\"inLanguage\":\"en-US\",\"@id\":\"https:\/\/readaptation.umontreal.ca\/en\/research\/researchers\/nathalie-bier-ph-d\/#primaryimage\",\"url\":\"https:\/\/readaptation.umontreal.ca\/wp-content\/uploads\/sites\/21\/2023\/06\/NathalieBier.jpg\",\"contentUrl\":\"https:\/\/readaptation.umontreal.ca\/wp-content\/uploads\/sites\/21\/2023\/06\/NathalieBier.jpg\"},{\"@type\":\"BreadcrumbList\",\"@id\":\"https:\/\/readaptation.umontreal.ca\/en\/research\/researchers\/nathalie-bier-ph-d\/#breadcrumb\",\"itemListElement\":[{\"@type\":\"ListItem\",\"position\":1,\"name\":\"Accueil\",\"item\":\"https:\/\/readaptation.umontreal.ca\/\"},{\"@type\":\"ListItem\",\"position\":2,\"name\":\"Research\",\"item\":\"https:\/\/readaptation.umontreal.ca\/en\/research\/\"},{\"@type\":\"ListItem\",\"position\":3,\"name\":\"Researchers\",\"item\":\"https:\/\/readaptation.umontreal.ca\/en\/research\/researchers\/\"},{\"@type\":\"ListItem\",\"position\":4,\"name\":\"Nathalie Bier, Ph.D.\"}]},{\"@type\":\"WebSite\",\"@id\":\"https:\/\/readaptation.umontreal.ca\/#website\",\"url\":\"https:\/\/readaptation.umontreal.ca\/\",\"name\":\"\u00c9cole de r\u00e9adaptation\",\"description\":\"\",\"potentialAction\":[{\"@type\":\"SearchAction\",\"target\":{\"@type\":\"EntryPoint\",\"urlTemplate\":\"https:\/\/readaptation.umontreal.ca\/?s={search_term_string}\"},\"query-input\":{\"@type\":\"PropertyValueSpecification\",\"valueRequired\":true,\"valueName\":\"search_term_string\"}}],\"inLanguage\":\"en-US\"}]}<\/script>\n<!-- \/ Yoast SEO plugin. -->","yoast_head_json":{"title":"Nathalie Bier, Ph.D. - \u00c9cole de r\u00e9adaptation - Universit\u00e9 de Montr\u00e9al","robots":{"index":"index","follow":"follow","max-snippet":"max-snippet:-1","max-image-preview":"max-image-preview:large","max-video-preview":"max-video-preview:-1"},"canonical":"https:\/\/readaptation.umontreal.ca\/en\/research\/researchers\/nathalie-bier-ph-d\/","og_locale":"en_US","og_type":"article","og_title":"Nathalie Bier, Ph.D. - \u00c9cole de r\u00e9adaptation - Universit\u00e9 de Montr\u00e9al","og_description":"Education B.Sc. Occupational therapy, \u00c9cole de r\u00e9adaptation, Universit\u00e9 de Montr\u00e9al (1999) M.Sc. Biomedical sciences, Universit\u00e9 de Montr\u00e9al (2002) Ph.D. Clinical Sciences \u2013 Geriatrics, Universit\u00e9 de Sherbrooke (2007) Postdoctoral fellowship, Cognitive [&hellip;]","og_url":"https:\/\/readaptation.umontreal.ca\/en\/research\/researchers\/nathalie-bier-ph-d\/","og_site_name":"\u00c9cole de r\u00e9adaptation","article_modified_time":"2025-06-12T13:23:00+00:00","og_image":[{"width":254,"height":381,"url":"https:\/\/readaptation.umontreal.ca\/wp-content\/uploads\/sites\/21\/2023\/06\/NathalieBier.jpg","type":"image\/jpeg"}],"twitter_misc":{"Est. reading time":"5 minutes"},"schema":{"@context":"https:\/\/schema.org","@graph":[{"@type":"WebPage","@id":"https:\/\/readaptation.umontreal.ca\/en\/research\/researchers\/nathalie-bier-ph-d\/","url":"https:\/\/readaptation.umontreal.ca\/en\/research\/researchers\/nathalie-bier-ph-d\/","name":"Nathalie Bier, Ph.D. - \u00c9cole de r\u00e9adaptation - Universit\u00e9 de Montr\u00e9al","isPartOf":{"@id":"https:\/\/readaptation.umontreal.ca\/#website"},"primaryImageOfPage":{"@id":"https:\/\/readaptation.umontreal.ca\/en\/research\/researchers\/nathalie-bier-ph-d\/#primaryimage"},"image":{"@id":"https:\/\/readaptation.umontreal.ca\/en\/research\/researchers\/nathalie-bier-ph-d\/#primaryimage"},"thumbnailUrl":"https:\/\/readaptation.umontreal.ca\/wp-content\/uploads\/sites\/21\/2023\/06\/NathalieBier.jpg","datePublished":"2017-11-09T21:34:51+00:00","dateModified":"2025-06-12T13:23:00+00:00","breadcrumb":{"@id":"https:\/\/readaptation.umontreal.ca\/en\/research\/researchers\/nathalie-bier-ph-d\/#breadcrumb"},"inLanguage":"en-US","potentialAction":[{"@type":"ReadAction","target":["https:\/\/readaptation.umontreal.ca\/en\/research\/researchers\/nathalie-bier-ph-d\/"]}]},{"@type":"ImageObject","inLanguage":"en-US","@id":"https:\/\/readaptation.umontreal.ca\/en\/research\/researchers\/nathalie-bier-ph-d\/#primaryimage","url":"https:\/\/readaptation.umontreal.ca\/wp-content\/uploads\/sites\/21\/2023\/06\/NathalieBier.jpg","contentUrl":"https:\/\/readaptation.umontreal.ca\/wp-content\/uploads\/sites\/21\/2023\/06\/NathalieBier.jpg"},{"@type":"BreadcrumbList","@id":"https:\/\/readaptation.umontreal.ca\/en\/research\/researchers\/nathalie-bier-ph-d\/#breadcrumb","itemListElement":[{"@type":"ListItem","position":1,"name":"Accueil","item":"https:\/\/readaptation.umontreal.ca\/"},{"@type":"ListItem","position":2,"name":"Research","item":"https:\/\/readaptation.umontreal.ca\/en\/research\/"},{"@type":"ListItem","position":3,"name":"Researchers","item":"https:\/\/readaptation.umontreal.ca\/en\/research\/researchers\/"},{"@type":"ListItem","position":4,"name":"Nathalie Bier, Ph.D."}]},{"@type":"WebSite","@id":"https:\/\/readaptation.umontreal.ca\/#website","url":"https:\/\/readaptation.umontreal.ca\/","name":"\u00c9cole de r\u00e9adaptation","description":"","potentialAction":[{"@type":"SearchAction","target":{"@type":"EntryPoint","urlTemplate":"https:\/\/readaptation.umontreal.ca\/?s={search_term_string}"},"query-input":{"@type":"PropertyValueSpecification","valueRequired":true,"valueName":"search_term_string"}}],"inLanguage":"en-US"}]}},"_links":{"self":[{"href":"https:\/\/readaptation.umontreal.ca\/en\/wp-json\/wp\/v2\/pages\/13851","targetHints":{"allow":["GET"]}}],"collection":[{"href":"https:\/\/readaptation.umontreal.ca\/en\/wp-json\/wp\/v2\/pages"}],"about":[{"href":"https:\/\/readaptation.umontreal.ca\/en\/wp-json\/wp\/v2\/types\/page"}],"author":[{"embeddable":true,"href":"https:\/\/readaptation.umontreal.ca\/en\/wp-json\/wp\/v2\/users\/25"}],"replies":[{"embeddable":true,"href":"https:\/\/readaptation.umontreal.ca\/en\/wp-json\/wp\/v2\/comments?post=13851"}],"version-history":[{"count":21,"href":"https:\/\/readaptation.umontreal.ca\/en\/wp-json\/wp\/v2\/pages\/13851\/revisions"}],"predecessor-version":[{"id":23466,"href":"https:\/\/readaptation.umontreal.ca\/en\/wp-json\/wp\/v2\/pages\/13851\/revisions\/23466"}],"up":[{"embeddable":true,"href":"https:\/\/readaptation.umontreal.ca\/en\/wp-json\/wp\/v2\/pages\/13845"}],"wp:attachment":[{"href":"https:\/\/readaptation.umontreal.ca\/en\/wp-json\/wp\/v2\/media?parent=13851"}],"curies":[{"name":"wp","href":"https:\/\/api.w.org\/{rel}","templated":true}]}}