{"id":21285,"date":"2017-07-05T19:49:41","date_gmt":"2017-07-05T18:49:41","guid":{"rendered":"https:\/\/readaptation.umontreal.ca\/wp-content\/uploads\/sites\/21\/2017\/07\/REPAR_France-Piotte2.jpg"},"modified":"2017-07-05T19:49:41","modified_gmt":"2017-07-05T18:49:41","slug":"repar_france-piotte2-2","status":"inherit","type":"attachment","link":"https:\/\/readaptation.umontreal.ca\/en\/repar_france-piotte2-2\/","title":{"rendered":"REPAR_France Piotte2"},"author":89,"featured_media":0,"comment_status":"closed","ping_status":"closed","template":"","meta":[],"class_list":["post-21285","attachment","type-attachment","status-inherit","hentry"],"yoast_head":"<!-- This site is optimized with the Yoast SEO plugin v25.0 - https:\/\/yoast.com\/wordpress\/plugins\/seo\/ -->\n<title>REPAR_France Piotte2 - \u00c9cole de r\u00e9adaptation<\/title>\n<meta name=\"robots\" content=\"index, follow, max-snippet:-1, max-image-preview:large, max-video-preview:-1\" \/>\n<link rel=\"canonical\" href=\"https:\/\/readaptation.umontreal.ca\/wp-content\/uploads\/sites\/21\/2017\/07\/REPAR_France-Piotte2.jpg\" \/>\n<meta property=\"og:locale\" content=\"en_US\" \/>\n<meta property=\"og:type\" content=\"article\" \/>\n<meta property=\"og:title\" content=\"REPAR_France Piotte2 - \u00c9cole de r\u00e9adaptation\" \/>\n<meta property=\"og:description\" content=\"De gauche \u00e0 droite : Daniel Bourbonnais (directeur scientifique REPAR) D\u00e9sir\u00e9e Maltais (pr\u00e9sidente du CS REPAR) France Piotte (r\u00e9cipiendaire) Madame Lucie Charlebois (Ministre d\u00e9l\u00e9gu\u00e9e \u00e0 la R\u00e9adaptation, \u00e0 la Protection de la jeunesse, \u00e0 la Sant\u00e9 publique et aux Saines habitudes de vie)\" \/>\n<meta property=\"og:url\" content=\"https:\/\/readaptation.umontreal.ca\/wp-content\/uploads\/sites\/21\/2017\/07\/REPAR_France-Piotte2.jpg\" \/>\n<meta property=\"og:site_name\" content=\"\u00c9cole de r\u00e9adaptation\" \/>\n<meta property=\"og:image\" content=\"https:\/\/readaptation.umontreal.ca\/wp-content\/uploads\/sites\/21\/2017\/07\/REPAR_France-Piotte2.jpg\" \/>\n\t<meta property=\"og:image:width\" content=\"2823\" \/>\n\t<meta property=\"og:image:height\" content=\"2755\" \/>\n\t<meta property=\"og:image:type\" content=\"image\/jpeg\" \/>\n<script type=\"application\/ld+json\" class=\"yoast-schema-graph\">{\"@context\":\"https:\/\/schema.org\",\"@graph\":[{\"@type\":\"WebPage\",\"@id\":\"https:\/\/readaptation.umontreal.ca\/wp-content\/uploads\/sites\/21\/2017\/07\/REPAR_France-Piotte2.jpg\",\"url\":\"https:\/\/readaptation.umontreal.ca\/wp-content\/uploads\/sites\/21\/2017\/07\/REPAR_France-Piotte2.jpg\",\"name\":\"REPAR_France Piotte2 - \u00c9cole de r\u00e9adaptation\",\"isPartOf\":{\"@id\":\"https:\/\/readaptation.umontreal.ca\/#website\"},\"datePublished\":\"2017-07-05T18:49:41+00:00\",\"breadcrumb\":{\"@id\":\"https:\/\/readaptation.umontreal.ca\/wp-content\/uploads\/sites\/21\/2017\/07\/REPAR_France-Piotte2.jpg#breadcrumb\"},\"inLanguage\":\"en-US\",\"potentialAction\":[{\"@type\":\"ReadAction\",\"target\":[\"https:\/\/readaptation.umontreal.ca\/wp-content\/uploads\/sites\/21\/2017\/07\/REPAR_France-Piotte2.jpg\"]}]},{\"@type\":\"BreadcrumbList\",\"@id\":\"https:\/\/readaptation.umontreal.ca\/wp-content\/uploads\/sites\/21\/2017\/07\/REPAR_France-Piotte2.jpg#breadcrumb\",\"itemListElement\":[{\"@type\":\"ListItem\",\"position\":1,\"name\":\"Accueil\",\"item\":\"https:\/\/readaptation.umontreal.ca\/\"},{\"@type\":\"ListItem\",\"position\":2,\"name\":\"REPAR_France Piotte2\"}]},{\"@type\":\"WebSite\",\"@id\":\"https:\/\/readaptation.umontreal.ca\/#website\",\"url\":\"https:\/\/readaptation.umontreal.ca\/\",\"name\":\"\u00c9cole de r\u00e9adaptation\",\"description\":\"\",\"potentialAction\":[{\"@type\":\"SearchAction\",\"target\":{\"@type\":\"EntryPoint\",\"urlTemplate\":\"https:\/\/readaptation.umontreal.ca\/?s={search_term_string}\"},\"query-input\":{\"@type\":\"PropertyValueSpecification\",\"valueRequired\":true,\"valueName\":\"search_term_string\"}}],\"inLanguage\":\"en-US\"}]}<\/script>\n<!-- \/ Yoast SEO plugin. -->","yoast_head_json":{"title":"REPAR_France Piotte2 - \u00c9cole de r\u00e9adaptation","robots":{"index":"index","follow":"follow","max-snippet":"max-snippet:-1","max-image-preview":"max-image-preview:large","max-video-preview":"max-video-preview:-1"},"canonical":"https:\/\/readaptation.umontreal.ca\/wp-content\/uploads\/sites\/21\/2017\/07\/REPAR_France-Piotte2.jpg","og_locale":"en_US","og_type":"article","og_title":"REPAR_France Piotte2 - \u00c9cole de r\u00e9adaptation","og_description":"De gauche \u00e0 droite : Daniel Bourbonnais (directeur scientifique REPAR) D\u00e9sir\u00e9e Maltais (pr\u00e9sidente du CS REPAR) France Piotte (r\u00e9cipiendaire) Madame Lucie Charlebois (Ministre d\u00e9l\u00e9gu\u00e9e \u00e0 la R\u00e9adaptation, \u00e0 la Protection de la jeunesse, \u00e0 la Sant\u00e9 publique et aux Saines habitudes de vie)","og_url":"https:\/\/readaptation.umontreal.ca\/wp-content\/uploads\/sites\/21\/2017\/07\/REPAR_France-Piotte2.jpg","og_site_name":"\u00c9cole de r\u00e9adaptation","og_image":[{"width":2823,"height":2755,"url":"https:\/\/readaptation.umontreal.ca\/wp-content\/uploads\/sites\/21\/2017\/07\/REPAR_France-Piotte2.jpg","type":"image\/jpeg"}],"schema":{"@context":"https:\/\/schema.org","@graph":[{"@type":"WebPage","@id":"https:\/\/readaptation.umontreal.ca\/wp-content\/uploads\/sites\/21\/2017\/07\/REPAR_France-Piotte2.jpg","url":"https:\/\/readaptation.umontreal.ca\/wp-content\/uploads\/sites\/21\/2017\/07\/REPAR_France-Piotte2.jpg","name":"REPAR_France Piotte2 - \u00c9cole de r\u00e9adaptation","isPartOf":{"@id":"https:\/\/readaptation.umontreal.ca\/#website"},"datePublished":"2017-07-05T18:49:41+00:00","breadcrumb":{"@id":"https:\/\/readaptation.umontreal.ca\/wp-content\/uploads\/sites\/21\/2017\/07\/REPAR_France-Piotte2.jpg#breadcrumb"},"inLanguage":"en-US","potentialAction":[{"@type":"ReadAction","target":["https:\/\/readaptation.umontreal.ca\/wp-content\/uploads\/sites\/21\/2017\/07\/REPAR_France-Piotte2.jpg"]}]},{"@type":"BreadcrumbList","@id":"https:\/\/readaptation.umontreal.ca\/wp-content\/uploads\/sites\/21\/2017\/07\/REPAR_France-Piotte2.jpg#breadcrumb","itemListElement":[{"@type":"ListItem","position":1,"name":"Accueil","item":"https:\/\/readaptation.umontreal.ca\/"},{"@type":"ListItem","position":2,"name":"REPAR_France Piotte2"}]},{"@type":"WebSite","@id":"https:\/\/readaptation.umontreal.ca\/#website","url":"https:\/\/readaptation.umontreal.ca\/","name":"\u00c9cole de r\u00e9adaptation","description":"","potentialAction":[{"@type":"SearchAction","target":{"@type":"EntryPoint","urlTemplate":"https:\/\/readaptation.umontreal.ca\/?s={search_term_string}"},"query-input":{"@type":"PropertyValueSpecification","valueRequired":true,"valueName":"search_term_string"}}],"inLanguage":"en-US"}]}},"description":{"rendered":"<p class=\"attachment\"><a href='https:\/\/readaptation.umontreal.ca\/wp-content\/uploads\/sites\/21\/2017\/07\/REPAR_France-Piotte2.jpg'><img loading=\"lazy\" decoding=\"async\" width=\"450\" height=\"440\" src=\"https:\/\/readaptation.umontreal.ca\/wp-content\/uploads\/sites\/21\/2017\/07\/REPAR_France-Piotte2-600x586.jpg\" class=\"attachment-medium size-medium\" alt=\"\" srcset=\"https:\/\/readaptation.umontreal.ca\/wp-content\/uploads\/sites\/21\/2017\/07\/REPAR_France-Piotte2-600x586.jpg 600w, https:\/\/readaptation.umontreal.ca\/wp-content\/uploads\/sites\/21\/2017\/07\/REPAR_France-Piotte2-1024x999.jpg 1024w, https:\/\/readaptation.umontreal.ca\/wp-content\/uploads\/sites\/21\/2017\/07\/REPAR_France-Piotte2-630x615.jpg 630w\" sizes=\"auto, (max-width: 450px) 100vw, 450px\" \/><\/a><\/p>\n"},"caption":{"rendered":"<p>De gauche \u00e0 droite :<br \/>\nDaniel Bourbonnais (directeur scientifique REPAR)<br \/>\nD\u00e9sir\u00e9e Maltais (pr\u00e9sidente du CS REPAR)<br \/>\nFrance Piotte (r\u00e9cipiendaire)<br \/>\nMadame Lucie Charlebois (Ministre d\u00e9l\u00e9gu\u00e9e \u00e0 la R\u00e9adaptation, \u00e0 la<br \/>\nProtection de la jeunesse, \u00e0 la Sant\u00e9 publique et aux Saines habitudes de<br \/>\nvie)<\/p>\n"},"alt_text":"","media_type":"image","mime_type":"image\/jpeg","media_details":{"width":2823,"height":2755,"file":"2017\/07\/REPAR_France-Piotte2.jpg","sizes":{"thumbnail":{"file":"REPAR_France-Piotte2-150x150.jpg","width":150,"height":150,"mime_type":"image\/jpeg","source_url":"https:\/\/readaptation.umontreal.ca\/wp-content\/uploads\/sites\/21\/2017\/07\/REPAR_France-Piotte2-150x150.jpg"},"medium":{"file":"REPAR_France-Piotte2-600x586.jpg","width":600,"height":586,"mime_type":"image\/jpeg","source_url":"https:\/\/readaptation.umontreal.ca\/wp-content\/uploads\/sites\/21\/2017\/07\/REPAR_France-Piotte2-600x586.jpg"},"large":{"file":"REPAR_France-Piotte2-1024x999.jpg","width":1024,"height":999,"mime_type":"image\/jpeg","source_url":"https:\/\/readaptation.umontreal.ca\/wp-content\/uploads\/sites\/21\/2017\/07\/REPAR_France-Piotte2-1024x999.jpg"},"news-small":{"file":"REPAR_France-Piotte2-150x100.jpg","width":150,"height":100,"mime_type":"image\/jpeg","source_url":"https:\/\/readaptation.umontreal.ca\/wp-content\/uploads\/sites\/21\/2017\/07\/REPAR_France-Piotte2-150x100.jpg"},"thumbnail-blog":{"file":"REPAR_France-Piotte2-300x200.jpg","width":300,"height":200,"mime_type":"image\/jpeg","source_url":"https:\/\/readaptation.umontreal.ca\/wp-content\/uploads\/sites\/21\/2017\/07\/REPAR_France-Piotte2-300x200.jpg"},"site-width":{"file":"REPAR_France-Piotte2-630x615.jpg","width":630,"height":615,"mime_type":"image\/jpeg","source_url":"https:\/\/readaptation.umontreal.ca\/wp-content\/uploads\/sites\/21\/2017\/07\/REPAR_France-Piotte2-630x615.jpg"},"full":{"file":"REPAR_France-Piotte2.jpg","width":2823,"height":2755,"mime_type":"image\/jpeg","source_url":"https:\/\/readaptation.umontreal.ca\/wp-content\/uploads\/sites\/21\/2017\/07\/REPAR_France-Piotte2.jpg"}},"image_meta":{"aperture":"0","credit":"","camera":"","caption":"","created_timestamp":"0","copyright":"","focal_length":"0","iso":"0","shutter_speed":"0","title":"","orientation":"0","keywords":[]}},"post":null,"source_url":"https:\/\/readaptation.umontreal.ca\/wp-content\/uploads\/sites\/21\/2017\/07\/REPAR_France-Piotte2.jpg","_links":{"self":[{"href":"https:\/\/readaptation.umontreal.ca\/en\/wp-json\/wp\/v2\/media\/21285","targetHints":{"allow":["GET"]}}],"collection":[{"href":"https:\/\/readaptation.umontreal.ca\/en\/wp-json\/wp\/v2\/media"}],"about":[{"href":"https:\/\/readaptation.umontreal.ca\/en\/wp-json\/wp\/v2\/types\/attachment"}],"author":[{"embeddable":true,"href":"https:\/\/readaptation.umontreal.ca\/en\/wp-json\/wp\/v2\/users\/89"}],"replies":[{"embeddable":true,"href":"https:\/\/readaptation.umontreal.ca\/en\/wp-json\/wp\/v2\/comments?post=21285"}]}}